{"id":1188,"date":"2024-03-19T18:38:22","date_gmt":"2024-03-19T18:38:22","guid":{"rendered":"https:\/?page_id=1188"},"modified":"2024-06-04T17:18:33","modified_gmt":"2024-06-04T17:18:33","slug":"bersntoler-kultur","status":"publish","type":"page","link":"https:\/\/www.umpalai.it\/be\/bersntoler-kultur\/","title":{"rendered":"Bersntoler kultur"},"content":{"rendered":"\n<div class=\"wp-block-columns is-layout-flex wp-container-core-columns-is-layout-9d6595d7 wp-block-columns-is-layout-flex\">\n<div class=\"wp-block-column is-layout-flow wp-block-column-is-layout-flow\">\n<p>Gschicht, tr\u00f2chtn, a kl\u00f2ffeta sproch. S Bersntol ist an insl va <strong>kultur<\/strong> ont sproch as gip b\u00e8rt en de zait as verg\u00f2ngen ist, lep de haitzegentozait ont secht se en de zait as kimmp. An z\u00f2mmpunkt va denken ont sai\u2019 as de <strong>jungen<\/strong> ont de <strong>eltern<\/strong> aa belln n\u00e8t lai iberlem m\u00f2chen ober giltn aa.<\/p>\n<\/div>\n<\/div>\n","protected":false},"excerpt":{"rendered":"<p>Gschicht, tr\u00f2chtn, a kl\u00f2ffeta sproch. S Bersntol ist an insl va kultur ont sproch as gip b\u00e8rt en de zait as verg\u00f2ngen ist, lep de haitzegentozait ont secht se en de zait as kimmp. An z\u00f2mmpunkt va denken ont sai\u2019 as de jungen ont de eltern aa belln n\u00e8t lai iberlem m\u00f2chen ober giltn aa.<\/p>\n","protected":false},"author":1,"featured_media":1063,"parent":0,"menu_order":20,"comment_status":"closed","ping_status":"closed","template":"","meta":{"_acf_changed":false,"footnotes":""},"class_list":["post-1188","page","type-page","status-publish","has-post-thumbnail","hentry"],"acf":[],"yoast_head":"<!-- This site is optimized with the Yoast SEO plugin v27.5 - https:\/\/yoast.com\/product\/yoast-seo-wordpress\/ -->\n<title>Bersntoler kultur - Um Palai<\/title>\n<meta name=\"robots\" content=\"index, follow, max-snippet:-1, max-image-preview:large, max-video-preview:-1\" \/>\n<link rel=\"canonical\" href=\"https:\/\/www.umpalai.it\/be\/bersntoler-kultur\/\" \/>\n<meta property=\"og:locale\" content=\"en_US\" \/>\n<meta property=\"og:type\" content=\"article\" \/>\n<meta property=\"og:title\" content=\"Bersntoler kultur - Um Palai\" \/>\n<meta property=\"og:description\" content=\"Gschicht, tr\u00f2chtn, a kl\u00f2ffeta sproch. S Bersntol ist an insl va kultur ont sproch as gip b\u00e8rt en de zait as verg\u00f2ngen ist, lep de haitzegentozait ont secht se en de zait as kimmp. An z\u00f2mmpunkt va denken ont sai\u2019 as de jungen ont de eltern aa belln n\u00e8t lai iberlem m\u00f2chen ober giltn aa.\" \/>\n<meta property=\"og:url\" content=\"https:\/\/www.umpalai.it\/be\/bersntoler-kultur\/\" \/>\n<meta property=\"og:site_name\" content=\"Um Palai\" \/>\n<meta property=\"article:publisher\" content=\"https:\/\/www.facebook.com\/PaludelFersina\/\" \/>\n<meta property=\"article:modified_time\" content=\"2024-06-04T17:18:33+00:00\" \/>\n<meta property=\"og:image\" content=\"https:\/\/www.umpalai.it\/wp-content\/uploads\/2024\/04\/DSC8378.jpg\" \/>\n\t<meta property=\"og:image:width\" content=\"1920\" \/>\n\t<meta property=\"og:image:height\" content=\"929\" \/>\n\t<meta property=\"og:image:type\" content=\"image\/jpeg\" \/>\n<meta name=\"twitter:card\" content=\"summary_large_image\" \/>\n<meta name=\"twitter:label1\" content=\"Est. reading time\" \/>\n\t<meta name=\"twitter:data1\" content=\"1 minute\" \/>\n<script type=\"application\/ld+json\" class=\"yoast-schema-graph\">{\"@context\":\"https:\\\/\\\/schema.org\",\"@graph\":[{\"@type\":\"WebPage\",\"@id\":\"https:\\\/\\\/www.umpalai.it\\\/be\\\/bersntoler-kultur\\\/\",\"url\":\"https:\\\/\\\/www.umpalai.it\\\/be\\\/bersntoler-kultur\\\/\",\"name\":\"Bersntoler kultur - Um Palai\",\"isPartOf\":{\"@id\":\"https:\\\/\\\/www.umpalai.it\\\/be\\\/#website\"},\"primaryImageOfPage\":{\"@id\":\"https:\\\/\\\/www.umpalai.it\\\/be\\\/bersntoler-kultur\\\/#primaryimage\"},\"image\":{\"@id\":\"https:\\\/\\\/www.umpalai.it\\\/be\\\/bersntoler-kultur\\\/#primaryimage\"},\"thumbnailUrl\":\"https:\\\/\\\/www.umpalai.it\\\/wp-content\\\/uploads\\\/2024\\\/04\\\/DSC8378.jpg\",\"datePublished\":\"2024-03-19T18:38:22+00:00\",\"dateModified\":\"2024-06-04T17:18:33+00:00\",\"breadcrumb\":{\"@id\":\"https:\\\/\\\/www.umpalai.it\\\/be\\\/bersntoler-kultur\\\/#breadcrumb\"},\"inLanguage\":\"be-BE\",\"potentialAction\":[{\"@type\":\"ReadAction\",\"target\":[\"https:\\\/\\\/www.umpalai.it\\\/be\\\/bersntoler-kultur\\\/\"]}]},{\"@type\":\"ImageObject\",\"inLanguage\":\"be-BE\",\"@id\":\"https:\\\/\\\/www.umpalai.it\\\/be\\\/bersntoler-kultur\\\/#primaryimage\",\"url\":\"https:\\\/\\\/www.umpalai.it\\\/wp-content\\\/uploads\\\/2024\\\/04\\\/DSC8378.jpg\",\"contentUrl\":\"https:\\\/\\\/www.umpalai.it\\\/wp-content\\\/uploads\\\/2024\\\/04\\\/DSC8378.jpg\",\"width\":1920,\"height\":929,\"caption\":\"Stela\"},{\"@type\":\"BreadcrumbList\",\"@id\":\"https:\\\/\\\/www.umpalai.it\\\/be\\\/bersntoler-kultur\\\/#breadcrumb\",\"itemListElement\":[{\"@type\":\"ListItem\",\"position\":1,\"name\":\"Home\",\"item\":\"https:\\\/\\\/www.umpalai.it\\\/be\\\/um-palai\\\/\"},{\"@type\":\"ListItem\",\"position\":2,\"name\":\"Bersntoler kultur\"}]},{\"@type\":\"WebSite\",\"@id\":\"https:\\\/\\\/www.umpalai.it\\\/be\\\/#website\",\"url\":\"https:\\\/\\\/www.umpalai.it\\\/be\\\/\",\"name\":\"Pal\u00f9 del Fersina\",\"description\":\"En h\u00e8rz van Bersntol\",\"potentialAction\":[{\"@type\":\"SearchAction\",\"target\":{\"@type\":\"EntryPoint\",\"urlTemplate\":\"https:\\\/\\\/www.umpalai.it\\\/be\\\/?s={search_term_string}\"},\"query-input\":{\"@type\":\"PropertyValueSpecification\",\"valueRequired\":true,\"valueName\":\"search_term_string\"}}],\"inLanguage\":\"be-BE\"}]}<\/script>\n<!-- \/ Yoast SEO plugin. -->","yoast_head_json":{"title":"Bersntoler kultur - Um Palai","robots":{"index":"index","follow":"follow","max-snippet":"max-snippet:-1","max-image-preview":"max-image-preview:large","max-video-preview":"max-video-preview:-1"},"canonical":"https:\/\/www.umpalai.it\/be\/bersntoler-kultur\/","og_locale":"en_US","og_type":"article","og_title":"Bersntoler kultur - Um Palai","og_description":"Gschicht, tr\u00f2chtn, a kl\u00f2ffeta sproch. S Bersntol ist an insl va kultur ont sproch as gip b\u00e8rt en de zait as verg\u00f2ngen ist, lep de haitzegentozait ont secht se en de zait as kimmp. An z\u00f2mmpunkt va denken ont sai\u2019 as de jungen ont de eltern aa belln n\u00e8t lai iberlem m\u00f2chen ober giltn aa.","og_url":"https:\/\/www.umpalai.it\/be\/bersntoler-kultur\/","og_site_name":"Um Palai","article_publisher":"https:\/\/www.facebook.com\/PaludelFersina\/","article_modified_time":"2024-06-04T17:18:33+00:00","og_image":[{"width":1920,"height":929,"url":"https:\/\/www.umpalai.it\/wp-content\/uploads\/2024\/04\/DSC8378.jpg","type":"image\/jpeg"}],"twitter_card":"summary_large_image","twitter_misc":{"Est. reading time":"1 minute"},"schema":{"@context":"https:\/\/schema.org","@graph":[{"@type":"WebPage","@id":"https:\/\/www.umpalai.it\/be\/bersntoler-kultur\/","url":"https:\/\/www.umpalai.it\/be\/bersntoler-kultur\/","name":"Bersntoler kultur - Um Palai","isPartOf":{"@id":"https:\/\/www.umpalai.it\/be\/#website"},"primaryImageOfPage":{"@id":"https:\/\/www.umpalai.it\/be\/bersntoler-kultur\/#primaryimage"},"image":{"@id":"https:\/\/www.umpalai.it\/be\/bersntoler-kultur\/#primaryimage"},"thumbnailUrl":"https:\/\/www.umpalai.it\/wp-content\/uploads\/2024\/04\/DSC8378.jpg","datePublished":"2024-03-19T18:38:22+00:00","dateModified":"2024-06-04T17:18:33+00:00","breadcrumb":{"@id":"https:\/\/www.umpalai.it\/be\/bersntoler-kultur\/#breadcrumb"},"inLanguage":"be-BE","potentialAction":[{"@type":"ReadAction","target":["https:\/\/www.umpalai.it\/be\/bersntoler-kultur\/"]}]},{"@type":"ImageObject","inLanguage":"be-BE","@id":"https:\/\/www.umpalai.it\/be\/bersntoler-kultur\/#primaryimage","url":"https:\/\/www.umpalai.it\/wp-content\/uploads\/2024\/04\/DSC8378.jpg","contentUrl":"https:\/\/www.umpalai.it\/wp-content\/uploads\/2024\/04\/DSC8378.jpg","width":1920,"height":929,"caption":"Stela"},{"@type":"BreadcrumbList","@id":"https:\/\/www.umpalai.it\/be\/bersntoler-kultur\/#breadcrumb","itemListElement":[{"@type":"ListItem","position":1,"name":"Home","item":"https:\/\/www.umpalai.it\/be\/um-palai\/"},{"@type":"ListItem","position":2,"name":"Bersntoler kultur"}]},{"@type":"WebSite","@id":"https:\/\/www.umpalai.it\/be\/#website","url":"https:\/\/www.umpalai.it\/be\/","name":"Pal\u00f9 del Fersina","description":"En h\u00e8rz van Bersntol","potentialAction":[{"@type":"SearchAction","target":{"@type":"EntryPoint","urlTemplate":"https:\/\/www.umpalai.it\/be\/?s={search_term_string}"},"query-input":{"@type":"PropertyValueSpecification","valueRequired":true,"valueName":"search_term_string"}}],"inLanguage":"be-BE"}]}},"_links":{"self":[{"href":"https:\/\/www.umpalai.it\/be\/wp-json\/wp\/v2\/pages\/1188","targetHints":{"allow":["GET"]}}],"collection":[{"href":"https:\/\/www.umpalai.it\/be\/wp-json\/wp\/v2\/pages"}],"about":[{"href":"https:\/\/www.umpalai.it\/be\/wp-json\/wp\/v2\/types\/page"}],"author":[{"embeddable":true,"href":"https:\/\/www.umpalai.it\/be\/wp-json\/wp\/v2\/users\/1"}],"replies":[{"embeddable":true,"href":"https:\/\/www.umpalai.it\/be\/wp-json\/wp\/v2\/comments?post=1188"}],"version-history":[{"count":2,"href":"https:\/\/www.umpalai.it\/be\/wp-json\/wp\/v2\/pages\/1188\/revisions"}],"predecessor-version":[{"id":1261,"href":"https:\/\/www.umpalai.it\/be\/wp-json\/wp\/v2\/pages\/1188\/revisions\/1261"}],"wp:featuredmedia":[{"embeddable":true,"href":"https:\/\/www.umpalai.it\/be\/wp-json\/wp\/v2\/media\/1063"}],"wp:attachment":[{"href":"https:\/\/www.umpalai.it\/be\/wp-json\/wp\/v2\/media?parent=1188"}],"curies":[{"name":"wp","href":"https:\/\/api.w.org\/{rel}","templated":true}]}}