{"id":1195,"date":"2024-04-09T19:18:09","date_gmt":"2024-04-09T19:18:09","guid":{"rendered":"https:\/?page_id=1195"},"modified":"2024-06-04T17:23:20","modified_gmt":"2024-06-04T17:23:20","slug":"trochtn","status":"publish","type":"page","link":"https:\/\/www.umpalai.it\/be\/bersntoler-kultur\/trochtn\/","title":{"rendered":"Tr\u00f2chtn"},"content":{"rendered":"\n<div class=\"wp-block-columns is-layout-flex wp-container-core-columns-is-layout-9d6595d7 wp-block-columns-is-layout-flex\">\n<div class=\"wp-block-column is-layout-flow wp-block-column-is-layout-flow\">\n<p>De gamoa\u2019sch\u00f2ft van Bersntol h\u00f2t enviretrong pet \u00f2cht n\u00e8t lai de sproch ober a toal tr\u00f2chtn va hunderter jor aa as nou hait lebet gah\u00f2ltn kemmen. De gamoa\u2019sch\u00f2ft vaiert pet mearera tr\u00f2chtn de bichtestn momentn van jor oder van lem, de kristlechen f\u00e8stn, s b\u00e8cksln van jorzaitn ont de zait van groas kemmen.<\/p>\n\n\n\n<h2 class=\"wp-block-heading\"><strong><strong>S KOSKRITTERAI<\/strong><\/strong><\/h2>\n\n\n\n<p>S jor en beil as men de \u00f2chtzen jor m\u00f2cht ist ver de jungen bersntoler a bichteges jor. Za Bainechtn de jungen as gea\u2019 keing en de \u00f2chtzen jor kemmen koskrittn. De zoachen van koskrittn sai\u2019 der kronz ont s tiachl. Der kronz ist an huat ver\u00f2rbetet pet perle ont trucknega plea\u2019mbler ont a veder&nbsp; va spilhu\u2019. S tiachl enveze h\u00f2t draupfarmt de v\u00f2rm va de balsch bandera ont s ist draustemplt an letratt pet de na\u2019m van koskrittn van jor. De koskrittn en jor van sai\u2019na \u00f2chtzen jor lem an aus\u00f2ndra zait, ont se kriang an bichtegen pl\u00f2tz en \u00f2lla de momentn van jor va de gamoa\u2019sch\u00f2ft: de trong de St\u00e9la zbischn s Earste van jor ont de Geim\u00f2cht, de sai\u2019 de haupfigurn va de Vosn\u00f2cht, van tenz pet de l\u00f2rven ont va de lait as gea\u2019 no en de b\u00e8tsche en Leistetovosn\u00f2cht. De koskrittn plaim vil z\u00f2mm ont vilvert plaim sa kamar\u00f2ttn vern g\u00f2nze lem.<\/p>\n\n\n\n<figure class=\"wp-block-image size-large\"><img decoding=\"async\" width=\"1024\" height=\"772\" src=\"http:\/\/umpalai.it\/wp-content\/uploads\/2024\/04\/HPIM2510-1024x772.webp\" alt=\"\" class=\"wp-image-511\" srcset=\"https:\/\/www.umpalai.it\/wp-content\/uploads\/2024\/04\/HPIM2510-1024x772.webp 1024w, https:\/\/www.umpalai.it\/wp-content\/uploads\/2024\/04\/HPIM2510-300x226.webp 300w, https:\/\/www.umpalai.it\/wp-content\/uploads\/2024\/04\/HPIM2510-768x579.webp 768w, https:\/\/www.umpalai.it\/wp-content\/uploads\/2024\/04\/HPIM2510-1536x1157.webp 1536w, https:\/\/www.umpalai.it\/wp-content\/uploads\/2024\/04\/HPIM2510-2048x1543.webp 2048w\" sizes=\"(max-width: 1024px) 100vw, 1024px\" \/><\/figure>\n\n\n\n<h2 class=\"wp-block-heading\"><strong><strong>DE STELA<\/strong><\/strong><\/h2>\n\n\n\n<p>A v\u00f2rt de tr\u00f2cht va de Stela ist en de g\u00f2nzn Alpn gaben ont iaz ist der enviretrong en zboa derver van Bersntol: Palai ont Vlarotz.<\/p>\n\n\n\n<p>De tr\u00f2cht kimmp en de zait va Bainechtn gam\u00f2cht, benn as gruppn va lait as singen, z\u00f2mm pet de koskrittn gea\u2019 va haus en haus za singen kanzandler ont za nemmen au g\u00e8lt ver de \u00f2rmen seal. De koskrittn trong en de hent de groas Stela, ausgarechtet va sei ont draugaleik af an hoachn st\u00e8ck.<\/p>\n\n\n\n<p>De malder va de Stela en Palai sai\u2019 s mol van leiste van jor en Auserp\u00f2ch, s mol van earste van jor en Inderp\u00f2ch ont s mol van Geim\u00f2cht benn as de gea\u2019 turch de sim derver van l\u00f2nt.<\/p>\n\n\n\n<figure class=\"wp-block-image size-large\"><img decoding=\"async\" width=\"1024\" height=\"681\" src=\"http:\/\/umpalai.it\/wp-content\/uploads\/2024\/04\/DSC_-Inizio-Stela-Tasainer-e1495718697271-1024x681.webp\" alt=\"\" class=\"wp-image-513\" srcset=\"https:\/\/www.umpalai.it\/wp-content\/uploads\/2024\/04\/DSC_-Inizio-Stela-Tasainer-e1495718697271-1024x681.webp 1024w, https:\/\/www.umpalai.it\/wp-content\/uploads\/2024\/04\/DSC_-Inizio-Stela-Tasainer-e1495718697271-300x200.webp 300w, https:\/\/www.umpalai.it\/wp-content\/uploads\/2024\/04\/DSC_-Inizio-Stela-Tasainer-e1495718697271-768x511.webp 768w, https:\/\/www.umpalai.it\/wp-content\/uploads\/2024\/04\/DSC_-Inizio-Stela-Tasainer-e1495718697271-1536x1022.webp 1536w, https:\/\/www.umpalai.it\/wp-content\/uploads\/2024\/04\/DSC_-Inizio-Stela-Tasainer-e1495718697271.webp 1920w\" sizes=\"(max-width: 1024px) 100vw, 1024px\" \/><\/figure>\n\n\n\n<h2 class=\"wp-block-heading\"><strong><strong>DER LEISTE TO VOSN\u00d3CHT<\/strong><\/strong><\/h2>\n\n\n\n<p>En leiste to vosn\u00f2cht, abia \u00f2ll jor, der b\u00e8tsch ont de b\u00e8tscha barn gea\u2019 pet groasa hipf en \u00f2lla de haiser van l\u00f2nt, ver za sa\u2019n guata s\u00f2chen derbail as men der langes b\u00f2rtet. De barn s tea\u2019 z\u00f2mm petn oiertroger \u2013 gahoasn teit aa \u2013 as ver laichtra ben gen de haiser gea\u2019 bart ver za nemmen au de oier gem van familie ver za song g\u00e8ltsgott van bintsch. Benn as de kemmen en dorf, garift za gea\u2019 um en l\u00f2nt, de tr\u00f2cht va de vosn\u00f2cht secht der toat van b\u00e8tsche ont s lesn van testament as interessiarn de koskrittn (de jungen as en s\u00e8ll jor de \u00f2chtzen jor m\u00f2chen barn) ont der moment pf\u00f2llt runt en \u00f2lla. De diarnen paroatn turtn ver za vaiern der to as rift \u2013 z\u00f2mm pet de Vosn\u00f2cht \u2013 zobenz petn verprennen va de g\u00f2ba van B\u00e8tscho, an zoach van rif van binter ont van biderkemmen van lem van langes.<\/p>\n\n\n\n<figure class=\"wp-block-image size-large\"><img decoding=\"async\" width=\"1024\" height=\"683\" src=\"http:\/\/umpalai.it\/wp-content\/uploads\/2024\/04\/DSC4125-1-1-1024x683.webp\" alt=\"\" class=\"wp-image-937\" srcset=\"https:\/\/www.umpalai.it\/wp-content\/uploads\/2024\/04\/DSC4125-1-1-1024x683.webp 1024w, https:\/\/www.umpalai.it\/wp-content\/uploads\/2024\/04\/DSC4125-1-1-300x200.webp 300w, https:\/\/www.umpalai.it\/wp-content\/uploads\/2024\/04\/DSC4125-1-1-768x512.webp 768w, https:\/\/www.umpalai.it\/wp-content\/uploads\/2024\/04\/DSC4125-1-1-1536x1025.webp 1536w, https:\/\/www.umpalai.it\/wp-content\/uploads\/2024\/04\/DSC4125-1-1-2048x1366.webp 2048w\" sizes=\"(max-width: 1024px) 100vw, 1024px\" \/><\/figure>\n<\/div>\n<\/div>\n","protected":false},"excerpt":{"rendered":"<p>De gamoa\u2019sch\u00f2ft van Bersntol h\u00f2t enviretrong pet \u00f2cht n\u00e8t lai de sproch ober a toal tr\u00f2chtn va hunderter jor aa as nou hait lebet gah\u00f2ltn kemmen. De gamoa\u2019sch\u00f2ft vaiert pet mearera tr\u00f2chtn de bichtestn momentn van jor oder van lem, de kristlechen f\u00e8stn, s b\u00e8cksln van jorzaitn ont de zait van groas kemmen. S KOSKRITTERAI [&hellip;]<\/p>\n","protected":false},"author":1,"featured_media":1161,"parent":1188,"menu_order":28,"comment_status":"closed","ping_status":"closed","template":"","meta":{"_acf_changed":false,"footnotes":""},"class_list":["post-1195","page","type-page","status-publish","has-post-thumbnail","hentry"],"acf":[],"yoast_head":"<!-- This site is optimized with the Yoast SEO plugin v27.5 - https:\/\/yoast.com\/product\/yoast-seo-wordpress\/ -->\n<title>Tr\u00f2chtn - Um Palai<\/title>\n<meta name=\"robots\" content=\"index, follow, max-snippet:-1, max-image-preview:large, max-video-preview:-1\" \/>\n<link rel=\"canonical\" href=\"https:\/\/www.umpalai.it\/be\/bersntoler-kultur\/trochtn\/\" \/>\n<meta property=\"og:locale\" content=\"en_US\" \/>\n<meta property=\"og:type\" content=\"article\" \/>\n<meta property=\"og:title\" content=\"Tr\u00f2chtn - Um Palai\" \/>\n<meta property=\"og:description\" content=\"De gamoa\u2019sch\u00f2ft van Bersntol h\u00f2t enviretrong pet \u00f2cht n\u00e8t lai de sproch ober a toal tr\u00f2chtn va hunderter jor aa as nou hait lebet gah\u00f2ltn kemmen. De gamoa\u2019sch\u00f2ft vaiert pet mearera tr\u00f2chtn de bichtestn momentn van jor oder van lem, de kristlechen f\u00e8stn, s b\u00e8cksln van jorzaitn ont de zait van groas kemmen. S KOSKRITTERAI [&hellip;]\" \/>\n<meta property=\"og:url\" content=\"https:\/\/www.umpalai.it\/be\/bersntoler-kultur\/trochtn\/\" \/>\n<meta property=\"og:site_name\" content=\"Um Palai\" \/>\n<meta property=\"article:publisher\" content=\"https:\/\/www.facebook.com\/PaludelFersina\/\" \/>\n<meta property=\"article:modified_time\" content=\"2024-06-04T17:23:20+00:00\" \/>\n<meta property=\"og:image\" content=\"https:\/\/www.umpalai.it\/wp-content\/uploads\/2024\/05\/Vosnocht-2016-IMG_9107.webp\" \/>\n\t<meta property=\"og:image:width\" content=\"2560\" \/>\n\t<meta property=\"og:image:height\" content=\"1920\" \/>\n\t<meta property=\"og:image:type\" content=\"image\/webp\" \/>\n<meta name=\"twitter:card\" content=\"summary_large_image\" \/>\n<meta name=\"twitter:label1\" content=\"Est. reading time\" \/>\n\t<meta name=\"twitter:data1\" content=\"4 minutes\" \/>\n<script type=\"application\/ld+json\" class=\"yoast-schema-graph\">{\"@context\":\"https:\\\/\\\/schema.org\",\"@graph\":[{\"@type\":\"WebPage\",\"@id\":\"https:\\\/\\\/www.umpalai.it\\\/be\\\/bersntoler-kultur\\\/trochtn\\\/\",\"url\":\"https:\\\/\\\/www.umpalai.it\\\/be\\\/bersntoler-kultur\\\/trochtn\\\/\",\"name\":\"Tr\u00f2chtn - Um Palai\",\"isPartOf\":{\"@id\":\"https:\\\/\\\/www.umpalai.it\\\/be\\\/#website\"},\"primaryImageOfPage\":{\"@id\":\"https:\\\/\\\/www.umpalai.it\\\/be\\\/bersntoler-kultur\\\/trochtn\\\/#primaryimage\"},\"image\":{\"@id\":\"https:\\\/\\\/www.umpalai.it\\\/be\\\/bersntoler-kultur\\\/trochtn\\\/#primaryimage\"},\"thumbnailUrl\":\"https:\\\/\\\/www.umpalai.it\\\/wp-content\\\/uploads\\\/2024\\\/05\\\/Vosnocht-2016-IMG_9107.webp\",\"datePublished\":\"2024-04-09T19:18:09+00:00\",\"dateModified\":\"2024-06-04T17:23:20+00:00\",\"breadcrumb\":{\"@id\":\"https:\\\/\\\/www.umpalai.it\\\/be\\\/bersntoler-kultur\\\/trochtn\\\/#breadcrumb\"},\"inLanguage\":\"be-BE\",\"potentialAction\":[{\"@type\":\"ReadAction\",\"target\":[\"https:\\\/\\\/www.umpalai.it\\\/be\\\/bersntoler-kultur\\\/trochtn\\\/\"]}]},{\"@type\":\"ImageObject\",\"inLanguage\":\"be-BE\",\"@id\":\"https:\\\/\\\/www.umpalai.it\\\/be\\\/bersntoler-kultur\\\/trochtn\\\/#primaryimage\",\"url\":\"https:\\\/\\\/www.umpalai.it\\\/wp-content\\\/uploads\\\/2024\\\/05\\\/Vosnocht-2016-IMG_9107.webp\",\"contentUrl\":\"https:\\\/\\\/www.umpalai.it\\\/wp-content\\\/uploads\\\/2024\\\/05\\\/Vosnocht-2016-IMG_9107.webp\",\"width\":2560,\"height\":1920,\"caption\":\"Tradizioni\"},{\"@type\":\"BreadcrumbList\",\"@id\":\"https:\\\/\\\/www.umpalai.it\\\/be\\\/bersntoler-kultur\\\/trochtn\\\/#breadcrumb\",\"itemListElement\":[{\"@type\":\"ListItem\",\"position\":1,\"name\":\"Home\",\"item\":\"https:\\\/\\\/www.umpalai.it\\\/be\\\/um-palai\\\/\"},{\"@type\":\"ListItem\",\"position\":2,\"name\":\"Bersntoler kultur\",\"item\":\"https:\\\/\\\/www.umpalai.it\\\/be\\\/bersntoler-kultur\\\/\"},{\"@type\":\"ListItem\",\"position\":3,\"name\":\"Tr\u00f2chtn\"}]},{\"@type\":\"WebSite\",\"@id\":\"https:\\\/\\\/www.umpalai.it\\\/be\\\/#website\",\"url\":\"https:\\\/\\\/www.umpalai.it\\\/be\\\/\",\"name\":\"Pal\u00f9 del Fersina\",\"description\":\"En h\u00e8rz van Bersntol\",\"potentialAction\":[{\"@type\":\"SearchAction\",\"target\":{\"@type\":\"EntryPoint\",\"urlTemplate\":\"https:\\\/\\\/www.umpalai.it\\\/be\\\/?s={search_term_string}\"},\"query-input\":{\"@type\":\"PropertyValueSpecification\",\"valueRequired\":true,\"valueName\":\"search_term_string\"}}],\"inLanguage\":\"be-BE\"}]}<\/script>\n<!-- \/ Yoast SEO plugin. -->","yoast_head_json":{"title":"Tr\u00f2chtn - Um Palai","robots":{"index":"index","follow":"follow","max-snippet":"max-snippet:-1","max-image-preview":"max-image-preview:large","max-video-preview":"max-video-preview:-1"},"canonical":"https:\/\/www.umpalai.it\/be\/bersntoler-kultur\/trochtn\/","og_locale":"en_US","og_type":"article","og_title":"Tr\u00f2chtn - Um Palai","og_description":"De gamoa\u2019sch\u00f2ft van Bersntol h\u00f2t enviretrong pet \u00f2cht n\u00e8t lai de sproch ober a toal tr\u00f2chtn va hunderter jor aa as nou hait lebet gah\u00f2ltn kemmen. De gamoa\u2019sch\u00f2ft vaiert pet mearera tr\u00f2chtn de bichtestn momentn van jor oder van lem, de kristlechen f\u00e8stn, s b\u00e8cksln van jorzaitn ont de zait van groas kemmen. S KOSKRITTERAI [&hellip;]","og_url":"https:\/\/www.umpalai.it\/be\/bersntoler-kultur\/trochtn\/","og_site_name":"Um Palai","article_publisher":"https:\/\/www.facebook.com\/PaludelFersina\/","article_modified_time":"2024-06-04T17:23:20+00:00","og_image":[{"width":2560,"height":1920,"url":"https:\/\/www.umpalai.it\/wp-content\/uploads\/2024\/05\/Vosnocht-2016-IMG_9107.webp","type":"image\/webp"}],"twitter_card":"summary_large_image","twitter_misc":{"Est. reading time":"4 minutes"},"schema":{"@context":"https:\/\/schema.org","@graph":[{"@type":"WebPage","@id":"https:\/\/www.umpalai.it\/be\/bersntoler-kultur\/trochtn\/","url":"https:\/\/www.umpalai.it\/be\/bersntoler-kultur\/trochtn\/","name":"Tr\u00f2chtn - Um Palai","isPartOf":{"@id":"https:\/\/www.umpalai.it\/be\/#website"},"primaryImageOfPage":{"@id":"https:\/\/www.umpalai.it\/be\/bersntoler-kultur\/trochtn\/#primaryimage"},"image":{"@id":"https:\/\/www.umpalai.it\/be\/bersntoler-kultur\/trochtn\/#primaryimage"},"thumbnailUrl":"https:\/\/www.umpalai.it\/wp-content\/uploads\/2024\/05\/Vosnocht-2016-IMG_9107.webp","datePublished":"2024-04-09T19:18:09+00:00","dateModified":"2024-06-04T17:23:20+00:00","breadcrumb":{"@id":"https:\/\/www.umpalai.it\/be\/bersntoler-kultur\/trochtn\/#breadcrumb"},"inLanguage":"be-BE","potentialAction":[{"@type":"ReadAction","target":["https:\/\/www.umpalai.it\/be\/bersntoler-kultur\/trochtn\/"]}]},{"@type":"ImageObject","inLanguage":"be-BE","@id":"https:\/\/www.umpalai.it\/be\/bersntoler-kultur\/trochtn\/#primaryimage","url":"https:\/\/www.umpalai.it\/wp-content\/uploads\/2024\/05\/Vosnocht-2016-IMG_9107.webp","contentUrl":"https:\/\/www.umpalai.it\/wp-content\/uploads\/2024\/05\/Vosnocht-2016-IMG_9107.webp","width":2560,"height":1920,"caption":"Tradizioni"},{"@type":"BreadcrumbList","@id":"https:\/\/www.umpalai.it\/be\/bersntoler-kultur\/trochtn\/#breadcrumb","itemListElement":[{"@type":"ListItem","position":1,"name":"Home","item":"https:\/\/www.umpalai.it\/be\/um-palai\/"},{"@type":"ListItem","position":2,"name":"Bersntoler kultur","item":"https:\/\/www.umpalai.it\/be\/bersntoler-kultur\/"},{"@type":"ListItem","position":3,"name":"Tr\u00f2chtn"}]},{"@type":"WebSite","@id":"https:\/\/www.umpalai.it\/be\/#website","url":"https:\/\/www.umpalai.it\/be\/","name":"Pal\u00f9 del Fersina","description":"En h\u00e8rz van Bersntol","potentialAction":[{"@type":"SearchAction","target":{"@type":"EntryPoint","urlTemplate":"https:\/\/www.umpalai.it\/be\/?s={search_term_string}"},"query-input":{"@type":"PropertyValueSpecification","valueRequired":true,"valueName":"search_term_string"}}],"inLanguage":"be-BE"}]}},"_links":{"self":[{"href":"https:\/\/www.umpalai.it\/be\/wp-json\/wp\/v2\/pages\/1195","targetHints":{"allow":["GET"]}}],"collection":[{"href":"https:\/\/www.umpalai.it\/be\/wp-json\/wp\/v2\/pages"}],"about":[{"href":"https:\/\/www.umpalai.it\/be\/wp-json\/wp\/v2\/types\/page"}],"author":[{"embeddable":true,"href":"https:\/\/www.umpalai.it\/be\/wp-json\/wp\/v2\/users\/1"}],"replies":[{"embeddable":true,"href":"https:\/\/www.umpalai.it\/be\/wp-json\/wp\/v2\/comments?post=1195"}],"version-history":[{"count":2,"href":"https:\/\/www.umpalai.it\/be\/wp-json\/wp\/v2\/pages\/1195\/revisions"}],"predecessor-version":[{"id":1268,"href":"https:\/\/www.umpalai.it\/be\/wp-json\/wp\/v2\/pages\/1195\/revisions\/1268"}],"up":[{"embeddable":true,"href":"https:\/\/www.umpalai.it\/be\/wp-json\/wp\/v2\/pages\/1188"}],"wp:featuredmedia":[{"embeddable":true,"href":"https:\/\/www.umpalai.it\/be\/wp-json\/wp\/v2\/media\/1161"}],"wp:attachment":[{"href":"https:\/\/www.umpalai.it\/be\/wp-json\/wp\/v2\/media?parent=1195"}],"curies":[{"name":"wp","href":"https:\/\/api.w.org\/{rel}","templated":true}]}}