{"id":1430,"date":"2024-03-06T22:43:56","date_gmt":"2024-03-06T22:43:56","guid":{"rendered":"https:\/?page_id=1430"},"modified":"2024-06-04T20:35:42","modified_gmt":"2024-06-04T20:35:42","slug":"um-palai","status":"publish","type":"page","link":"https:\/\/www.umpalai.it\/be\/","title":{"rendered":"Um Palai"},"content":{"rendered":"\n<div class=\"wp-block-columns blocco-titolo-testo is-layout-flex wp-container-core-columns-is-layout-9d6595d7 wp-block-columns-is-layout-flex\">\n<div class=\"wp-block-column is-layout-flow wp-block-column-is-layout-flow\">\n<h2 class=\"wp-block-heading\"><strong>Pal\u00f9 del Fersina<\/strong><br>Un rifugio di pace e tranquillit\u00e0 immerso nella natura<\/h2>\n<\/div>\n\n\n\n<div class=\"wp-block-column is-layout-flow wp-block-column-is-layout-flow\">\n<p>Scopri Pal\u00f9 del Fersina, un luogo di rara bellezza avvolto da paesaggi mozzafiato e arricchito da una <strong>storia millenaria<\/strong>. Lasciati trasportare dalla magia di questo territorio, dove la <strong>natura<\/strong> selvaggia si fonde armoniosamente con il ricco <strong>patrimonio culturale<\/strong> locale. Un&#8217;esperienza autentica e indimenticabile ti attende in questa meravigliosa regione delle Dolomiti.<\/p>\n<\/div>\n<\/div>\n\n\n\n<div class=\"wp-block-columns full-width no-padding blocco-video is-layout-flex wp-container-core-columns-is-layout-9d6595d7 wp-block-columns-is-layout-flex\">\n<div class=\"wp-block-column is-layout-flow wp-block-column-is-layout-flow\">\n<iframe loading=\"lazy\" src=\"https:\/\/www.youtube.com\/embed\/hXM4_nvcDrc?feature=oembed&autoplay=1&mute=1&loop=1&playlist=hXM4_nvcDrc\" title=\"Pal\u00f9 del Fersina\" width=\"1280\" height=\"720\" allow=\"accelerometer; autoplay; clipboard-write; encrypted-media; gyroscope; picture-in-picture; web-share\" referrerpolicy=\"strict-origin-when-cross-origin\" allowfullscreen=\"\" data-cmp-info=\"7\"><\/iframe>\n<\/div>\n<\/div>\n\n\n\n<div class=\"wp-block-columns blocco-musei is-layout-flex wp-container-core-columns-is-layout-9d6595d7 wp-block-columns-is-layout-flex\">\n<div class=\"wp-block-column is-layout-flow wp-block-column-is-layout-flow\">\n<div class=\"articoli\">\n    <a href=\"https:\/\/www.umpalai.it\/be\/museum\/gruab-va-hardimbl\/\" class=\"articolo\">\n    <figure><img decoding=\"async\" width=\"2560\" height=\"1707\" src=\"https:\/\/www.umpalai.it\/wp-content\/uploads\/2024\/04\/Miniera-a-Palu-del-Fersina-\u00a9-foto-Daniele-Mosna-9541.webp\" class=\"attachment-post-thumbnail size-post-thumbnail wp-post-image\" alt=\"Miniera dell&#039;Erdemolo\" srcset=\"https:\/\/www.umpalai.it\/wp-content\/uploads\/2024\/04\/Miniera-a-Palu-del-Fersina-\u00a9-foto-Daniele-Mosna-9541.webp 2560w, https:\/\/www.umpalai.it\/wp-content\/uploads\/2024\/04\/Miniera-a-Palu-del-Fersina-\u00a9-foto-Daniele-Mosna-9541-300x200.webp 300w, https:\/\/www.umpalai.it\/wp-content\/uploads\/2024\/04\/Miniera-a-Palu-del-Fersina-\u00a9-foto-Daniele-Mosna-9541-1024x683.webp 1024w, https:\/\/www.umpalai.it\/wp-content\/uploads\/2024\/04\/Miniera-a-Palu-del-Fersina-\u00a9-foto-Daniele-Mosna-9541-768x512.webp 768w, https:\/\/www.umpalai.it\/wp-content\/uploads\/2024\/04\/Miniera-a-Palu-del-Fersina-\u00a9-foto-Daniele-Mosna-9541-1536x1024.webp 1536w, https:\/\/www.umpalai.it\/wp-content\/uploads\/2024\/04\/Miniera-a-Palu-del-Fersina-\u00a9-foto-Daniele-Mosna-9541-2048x1366.webp 2048w\" sizes=\"(max-width: 2560px) 100vw, 2560px\" \/><\/figure>    <div class=\"articolo-text\">\n        <h2><strong>Gruab<\/strong>va Hardimbl<\/h2>\n        <p>\n\n\nDer num va de \u201ckalkopirit\u201d kimmp van grichische nu\u2019m khalkos, as billt song \u201ckupfer\u201d, ont van grichische nu\u2019m pyros, as billt song \u201cvaier\u201d\n\n\n\n\n\n\n\nS ist der mineral va kupfer as men am mearestn vinnen tuat, ont s ist prope der s\u00e8ll as de kn\u00f2ppn (van taitsch bourt Knappen), kemmen en Bersntol va Bomen ont van Tirol, en de Gruab va Hardimbl pfuntn hom.\n\n\n\nEn h\u00e8rz van p\u00e8rg, af 1700 metre, en l\u00f2nt va Palai en Bersntol, avn be as trogt kan Sea va Hardimbl, vinnt men de Gruab va<\/p>            <\/div>\n<\/a><a href=\"https:\/\/www.umpalai.it\/be\/museum\/pergmandlhaus-museum\/\" class=\"articolo\">\n    <figure><img decoding=\"async\" width=\"2560\" height=\"1920\" src=\"https:\/\/www.umpalai.it\/wp-content\/uploads\/2024\/04\/Museo-Muse-Sperg-Manal-Haus-\u00a9-foto-Daniele-Mosna-9576.webp\" class=\"attachment-post-thumbnail size-post-thumbnail wp-post-image\" alt=\"Museo S P\u00e8rgmandlhaus\" srcset=\"https:\/\/www.umpalai.it\/wp-content\/uploads\/2024\/04\/Museo-Muse-Sperg-Manal-Haus-\u00a9-foto-Daniele-Mosna-9576.webp 2560w, https:\/\/www.umpalai.it\/wp-content\/uploads\/2024\/04\/Museo-Muse-Sperg-Manal-Haus-\u00a9-foto-Daniele-Mosna-9576-300x225.webp 300w, https:\/\/www.umpalai.it\/wp-content\/uploads\/2024\/04\/Museo-Muse-Sperg-Manal-Haus-\u00a9-foto-Daniele-Mosna-9576-1024x768.webp 1024w, https:\/\/www.umpalai.it\/wp-content\/uploads\/2024\/04\/Museo-Muse-Sperg-Manal-Haus-\u00a9-foto-Daniele-Mosna-9576-768x576.webp 768w, https:\/\/www.umpalai.it\/wp-content\/uploads\/2024\/04\/Museo-Muse-Sperg-Manal-Haus-\u00a9-foto-Daniele-Mosna-9576-1536x1152.webp 1536w, https:\/\/www.umpalai.it\/wp-content\/uploads\/2024\/04\/Museo-Muse-Sperg-Manal-Haus-\u00a9-foto-Daniele-Mosna-9576-2048x1536.webp 2048w\" sizes=\"(max-width: 2560px) 100vw, 2560px\" \/><\/figure>    <div class=\"articolo-text\">\n        <h2><strong>P\u00e8rgmandlhaus<\/strong>Museum<\/h2>\n        <p>\n\n\nS ist an tunnel pet de mauern as sechen l\u00f2ng odern va kupfer as stellt vour en de pasuacher der kloa\u2019 museum S P\u00e8rgmandlhaus, as en an nain vurm sechen l\u00f2k de b\u00e8lt van gruam ont s lem van kn\u00f2ppn en Bersntol.\n\n\n\n\n\n\n\nZboa steck as, vilvert en an simboleschn vurm, kontarn oa\u2019na van \u00f2rbetn as mear bichte gaben ist vern Bersntol, n\u00e8t lai ver de birtsch\u00f2ft, ober ver de lait ont de umb\u00e8lt aa.\n\n\n\nDer earste stock van museum l\u00f2k schaung de minerai tsuacht van kn\u00f2ppn (van taitsch bourt K<\/p>            <\/div>\n<\/a><\/div>\n<\/div>\n<\/div>\n\n\n\n<div class=\"wp-block-columns full-width blocco-esperienze is-layout-flex wp-container-core-columns-is-layout-9d6595d7 wp-block-columns-is-layout-flex\">\n<div class=\"wp-block-column is-layout-flow wp-block-column-is-layout-flow\">\n<div class=\"wp-block-cover has-parallax\"><span aria-hidden=\"true\" class=\"wp-block-cover__background has-background-dim\" style=\"background-color:#626453\"><\/span><div class=\"wp-block-cover__image-background wp-image-491 has-parallax\" style=\"background-position:50% 50%;background-image:url(http:\/\/umpalai.it\/wp-content\/uploads\/2024\/04\/Miniera-a-Palu-del-Fersina-\u00a9-foto-Daniele-Mosna-9244.webp)\"><\/div><div class=\"wp-block-cover__inner-container is-layout-constrained wp-block-cover-is-layout-constrained\">\n<p class=\"has-text-align-center has-large-font-size\"><\/p>\n<\/div><\/div>\n\n\n\n<div class=\"container-esperienze\">\n                    <div class=\"esperienza\">\n                    <a href=\"https:\/\/www.umpalai.it\/be\/ring\/\">\n                        <h2><strong>Ring<\/strong><\/h2>\n                        <p>Pasuach de ring as l\u00f2ng g\u00f2nz sechen der doi himbl zbischn de p\u00e8rng. S Bersntol, pet en sai\u2019 tol, de Bersn, ont de schea\u2019n spitz van Lagorai, ist an perf\u00e8kt tr\u00e8ffpunkt zbischn de natur ont de birtshaiser, asou as men se drinnb\u00e8rven mu turch an ideal glaichbeng, en an aus\u00f2nder naturschauspil.<\/p>                    <\/a>\n                <\/div>\n                    <div class=\"esperienza\">\n                    <a href=\"https:\/\/www.umpalai.it\/be\/bou-as-men-essn-mu\/\">\n                        <h2><strong>Bou as men \u00e8ssn mu<\/strong><\/h2>\n                        <p>Tscherl de peistn platz bou za \u00e8ssn echta lokal zaig ont l\u00f2g de trong en a roas turch de richtegen tschmach van l\u00f2nt. Gahi\u2019 za vinnen de sekretn van \u00e8ssn no de tr\u00f2cht, gam\u00f2cht van auskennetn birtn, ont l\u00f2g de mittrong en a roas turch de echtn tschmach van inser l\u00f2nt.\n<\/p>                    <\/a>\n                <\/div>\n                    <div class=\"esperienza\">\n                    <a href=\"https:\/\/www.umpalai.it\/be\/bou-as-men-schloven-mu\/\">\n                        <h2><strong>Bou as men schloven mu<\/strong><\/h2>\n                        <p>Tua de ausr\u00f2stn en de peistn platz bou as du schloven must en Palai. S\nb\u00f2rtn de bolten birtshaiser, hittn ont schitzhittn as comfort ont relax gem kennen no an to galep en de luft.\n<\/p>                    <\/a>\n                <\/div>\n                    <div class=\"esperienza\">\n                    <a href=\"https:\/\/www.umpalai.it\/be\/ver-de-kinder\/\">\n                        <h2><strong>Ver de kinder<\/strong><\/h2>\n                        <p>Derleb de bolten s\u00f2chen as men tea\u2019 mu en de natur ont as b\u00e8cksln barn de enker pasuach en Palai en eppes aus\u00f2nders as der nea\u2019mer verg\u00e8ssn bart, ver de g\u00f2nze familia ont nou mear ver de kinder.\n<\/p>                    <\/a>\n                <\/div>\n    <\/div>\n<\/div>\n<\/div>\n\n\n\n<div class=\"wp-block-columns blocco-news-carosello is-layout-flex wp-container-core-columns-is-layout-9d6595d7 wp-block-columns-is-layout-flex\">\n<div class=\"wp-block-column is-layout-flow wp-block-column-is-layout-flow\">\n<div class=\"swiper\">\n    <div class=\"swiper-wrapper\">\n            <\/div>\n    <div class=\"swiper-button-next\"><\/div>\n    <div class=\"swiper-button-prev hidden\"><\/div>\n<\/div>\n<\/div>\n<\/div>\n\n\n\n<div class=\"wp-block-columns full-width no-padding blocco-immagine-titolo-testo is-layout-flex wp-container-core-columns-is-layout-9d6595d7 wp-block-columns-is-layout-flex\">\n<div class=\"wp-block-column is-layout-flow wp-block-column-is-layout-flow\">\n<figure class=\"wp-block-image size-full\"><img decoding=\"async\" width=\"2560\" height=\"1707\" src=\"https:\/\/www.umpalai.it\/wp-content\/uploads\/2024\/04\/DSC4215.webp\" alt=\"\" class=\"wp-image-493\" style=\"aspect-ratio:16\/9;object-fit:cover\" srcset=\"https:\/\/www.umpalai.it\/wp-content\/uploads\/2024\/04\/DSC4215.webp 2560w, https:\/\/www.umpalai.it\/wp-content\/uploads\/2024\/04\/DSC4215-300x200.webp 300w, https:\/\/www.umpalai.it\/wp-content\/uploads\/2024\/04\/DSC4215-1024x683.webp 1024w, https:\/\/www.umpalai.it\/wp-content\/uploads\/2024\/04\/DSC4215-768x512.webp 768w, https:\/\/www.umpalai.it\/wp-content\/uploads\/2024\/04\/DSC4215-1536x1024.webp 1536w, https:\/\/www.umpalai.it\/wp-content\/uploads\/2024\/04\/DSC4215-2048x1366.webp 2048w\" sizes=\"(max-width: 2560px) 100vw, 2560px\" \/><\/figure>\n\n\n\n<div class=\"wp-block-columns is-layout-flex wp-container-core-columns-is-layout-9d6595d7 wp-block-columns-is-layout-flex\">\n<div class=\"wp-block-column is-layout-flow wp-block-column-is-layout-flow\">\n<h2 class=\"wp-block-heading\"><strong>Storia, cultura, tradizioni<\/strong><br>Un idioma tramandato oralmente<\/h2>\n<\/div>\n\n\n\n<div class=\"wp-block-column is-layout-flow wp-block-column-is-layout-flow\">\n<p>La Valle dei M\u00f2cheni rappresenta un&#8217;oasi linguistica e culturale, dove il <strong>dialetto M\u00f2cheno<\/strong>, un prezioso ramo della famiglia bavarese, viene tramandato in generazioni, portando con s\u00e9 secoli di <strong>tradizioni<\/strong>. Ogni giorno \u00e8 una festa, con danze folcloristiche e musica tipica, trasportando chiunque in un viaggio incantato nel cuore di questa comunit\u00e0 unica al mondo.<\/p>\n<\/div>\n<\/div>\n<\/div>\n<\/div>\n","protected":false},"excerpt":{"rendered":"<p>Pal\u00f9 del FersinaUn rifugio di pace e tranquillit\u00e0 immerso nella natura Scopri Pal\u00f9 del Fersina, un luogo di rara bellezza avvolto da paesaggi mozzafiato e arricchito da una storia millenaria. Lasciati trasportare dalla magia di questo territorio, dove la natura selvaggia si fonde armoniosamente con il ricco patrimonio culturale locale. Un&#8217;esperienza autentica e indimenticabile ti [&hellip;]<\/p>\n","protected":false},"author":1,"featured_media":1435,"parent":0,"menu_order":9,"comment_status":"closed","ping_status":"closed","template":"","meta":{"_acf_changed":false,"footnotes":""},"class_list":["post-1430","page","type-page","status-publish","has-post-thumbnail","hentry"],"acf":[],"yoast_head":"<!-- This site is optimized with the Yoast SEO plugin v27.5 - https:\/\/yoast.com\/product\/yoast-seo-wordpress\/ -->\n<title>Um Palai - Um Palai<\/title>\n<meta name=\"robots\" content=\"index, follow, max-snippet:-1, max-image-preview:large, max-video-preview:-1\" \/>\n<link rel=\"canonical\" href=\"https:\/\/www.umpalai.it\/be\/\" \/>\n<meta property=\"og:locale\" content=\"en_US\" \/>\n<meta property=\"og:type\" content=\"article\" \/>\n<meta property=\"og:title\" content=\"Um Palai - Um Palai\" \/>\n<meta property=\"og:description\" content=\"Pal\u00f9 del FersinaUn rifugio di pace e tranquillit\u00e0 immerso nella natura Scopri Pal\u00f9 del Fersina, un luogo di rara bellezza avvolto da paesaggi mozzafiato e arricchito da una storia millenaria. Lasciati trasportare dalla magia di questo territorio, dove la natura selvaggia si fonde armoniosamente con il ricco patrimonio culturale locale. Un&#8217;esperienza autentica e indimenticabile ti [&hellip;]\" \/>\n<meta property=\"og:url\" content=\"https:\/\/www.umpalai.it\/be\/\" \/>\n<meta property=\"og:site_name\" content=\"Um Palai\" \/>\n<meta property=\"article:publisher\" content=\"https:\/\/www.facebook.com\/PaludelFersina\/\" \/>\n<meta property=\"article:modified_time\" content=\"2024-06-04T20:35:42+00:00\" \/>\n<meta property=\"og:image\" content=\"https:\/\/www.umpalai.it\/wp-content\/uploads\/2024\/04\/montagne-full.webp\" \/>\n\t<meta property=\"og:image:width\" content=\"2560\" \/>\n\t<meta property=\"og:image:height\" content=\"2560\" \/>\n\t<meta property=\"og:image:type\" content=\"image\/webp\" \/>\n<meta name=\"twitter:card\" content=\"summary_large_image\" \/>\n<meta name=\"twitter:label1\" content=\"Est. reading time\" \/>\n\t<meta name=\"twitter:data1\" content=\"2 minutes\" \/>\n<script type=\"application\/ld+json\" class=\"yoast-schema-graph\">{\"@context\":\"https:\\\/\\\/schema.org\",\"@graph\":[{\"@type\":\"WebPage\",\"@id\":\"https:\\\/\\\/www.umpalai.it\\\/be\\\/\",\"url\":\"https:\\\/\\\/www.umpalai.it\\\/be\\\/\",\"name\":\"Um Palai - Um Palai\",\"isPartOf\":{\"@id\":\"https:\\\/\\\/www.umpalai.it\\\/be\\\/#website\"},\"primaryImageOfPage\":{\"@id\":\"https:\\\/\\\/www.umpalai.it\\\/be\\\/#primaryimage\"},\"image\":{\"@id\":\"https:\\\/\\\/www.umpalai.it\\\/be\\\/#primaryimage\"},\"thumbnailUrl\":\"https:\\\/\\\/www.umpalai.it\\\/wp-content\\\/uploads\\\/2024\\\/04\\\/montagne-full.webp\",\"datePublished\":\"2024-03-06T22:43:56+00:00\",\"dateModified\":\"2024-06-04T20:35:42+00:00\",\"breadcrumb\":{\"@id\":\"https:\\\/\\\/www.umpalai.it\\\/be\\\/#breadcrumb\"},\"inLanguage\":\"be-BE\",\"potentialAction\":[{\"@type\":\"ReadAction\",\"target\":[\"https:\\\/\\\/www.umpalai.it\\\/be\\\/\"]}]},{\"@type\":\"ImageObject\",\"inLanguage\":\"be-BE\",\"@id\":\"https:\\\/\\\/www.umpalai.it\\\/be\\\/#primaryimage\",\"url\":\"https:\\\/\\\/www.umpalai.it\\\/wp-content\\\/uploads\\\/2024\\\/04\\\/montagne-full.webp\",\"contentUrl\":\"https:\\\/\\\/www.umpalai.it\\\/wp-content\\\/uploads\\\/2024\\\/04\\\/montagne-full.webp\",\"width\":2560,\"height\":2560,\"caption\":\"Lago di Edremolo\"},{\"@type\":\"BreadcrumbList\",\"@id\":\"https:\\\/\\\/www.umpalai.it\\\/be\\\/#breadcrumb\",\"itemListElement\":[{\"@type\":\"ListItem\",\"position\":1,\"name\":\"Home\",\"item\":\"https:\\\/\\\/www.umpalai.it\\\/be\\\/um-palai\\\/\"},{\"@type\":\"ListItem\",\"position\":2,\"name\":\"Um Palai\"}]},{\"@type\":\"WebSite\",\"@id\":\"https:\\\/\\\/www.umpalai.it\\\/be\\\/#website\",\"url\":\"https:\\\/\\\/www.umpalai.it\\\/be\\\/\",\"name\":\"Pal\u00f9 del Fersina\",\"description\":\"En h\u00e8rz van Bersntol\",\"potentialAction\":[{\"@type\":\"SearchAction\",\"target\":{\"@type\":\"EntryPoint\",\"urlTemplate\":\"https:\\\/\\\/www.umpalai.it\\\/be\\\/?s={search_term_string}\"},\"query-input\":{\"@type\":\"PropertyValueSpecification\",\"valueRequired\":true,\"valueName\":\"search_term_string\"}}],\"inLanguage\":\"be-BE\"}]}<\/script>\n<!-- \/ Yoast SEO plugin. -->","yoast_head_json":{"title":"Um Palai - Um Palai","robots":{"index":"index","follow":"follow","max-snippet":"max-snippet:-1","max-image-preview":"max-image-preview:large","max-video-preview":"max-video-preview:-1"},"canonical":"https:\/\/www.umpalai.it\/be\/","og_locale":"en_US","og_type":"article","og_title":"Um Palai - Um Palai","og_description":"Pal\u00f9 del FersinaUn rifugio di pace e tranquillit\u00e0 immerso nella natura Scopri Pal\u00f9 del Fersina, un luogo di rara bellezza avvolto da paesaggi mozzafiato e arricchito da una storia millenaria. Lasciati trasportare dalla magia di questo territorio, dove la natura selvaggia si fonde armoniosamente con il ricco patrimonio culturale locale. Un&#8217;esperienza autentica e indimenticabile ti [&hellip;]","og_url":"https:\/\/www.umpalai.it\/be\/","og_site_name":"Um Palai","article_publisher":"https:\/\/www.facebook.com\/PaludelFersina\/","article_modified_time":"2024-06-04T20:35:42+00:00","og_image":[{"width":2560,"height":2560,"url":"https:\/\/www.umpalai.it\/wp-content\/uploads\/2024\/04\/montagne-full.webp","type":"image\/webp"}],"twitter_card":"summary_large_image","twitter_misc":{"Est. reading time":"2 minutes"},"schema":{"@context":"https:\/\/schema.org","@graph":[{"@type":"WebPage","@id":"https:\/\/www.umpalai.it\/be\/","url":"https:\/\/www.umpalai.it\/be\/","name":"Um Palai - Um Palai","isPartOf":{"@id":"https:\/\/www.umpalai.it\/be\/#website"},"primaryImageOfPage":{"@id":"https:\/\/www.umpalai.it\/be\/#primaryimage"},"image":{"@id":"https:\/\/www.umpalai.it\/be\/#primaryimage"},"thumbnailUrl":"https:\/\/www.umpalai.it\/wp-content\/uploads\/2024\/04\/montagne-full.webp","datePublished":"2024-03-06T22:43:56+00:00","dateModified":"2024-06-04T20:35:42+00:00","breadcrumb":{"@id":"https:\/\/www.umpalai.it\/be\/#breadcrumb"},"inLanguage":"be-BE","potentialAction":[{"@type":"ReadAction","target":["https:\/\/www.umpalai.it\/be\/"]}]},{"@type":"ImageObject","inLanguage":"be-BE","@id":"https:\/\/www.umpalai.it\/be\/#primaryimage","url":"https:\/\/www.umpalai.it\/wp-content\/uploads\/2024\/04\/montagne-full.webp","contentUrl":"https:\/\/www.umpalai.it\/wp-content\/uploads\/2024\/04\/montagne-full.webp","width":2560,"height":2560,"caption":"Lago di Edremolo"},{"@type":"BreadcrumbList","@id":"https:\/\/www.umpalai.it\/be\/#breadcrumb","itemListElement":[{"@type":"ListItem","position":1,"name":"Home","item":"https:\/\/www.umpalai.it\/be\/um-palai\/"},{"@type":"ListItem","position":2,"name":"Um Palai"}]},{"@type":"WebSite","@id":"https:\/\/www.umpalai.it\/be\/#website","url":"https:\/\/www.umpalai.it\/be\/","name":"Pal\u00f9 del Fersina","description":"En h\u00e8rz van Bersntol","potentialAction":[{"@type":"SearchAction","target":{"@type":"EntryPoint","urlTemplate":"https:\/\/www.umpalai.it\/be\/?s={search_term_string}"},"query-input":{"@type":"PropertyValueSpecification","valueRequired":true,"valueName":"search_term_string"}}],"inLanguage":"be-BE"}]}},"_links":{"self":[{"href":"https:\/\/www.umpalai.it\/be\/wp-json\/wp\/v2\/pages\/1430","targetHints":{"allow":["GET"]}}],"collection":[{"href":"https:\/\/www.umpalai.it\/be\/wp-json\/wp\/v2\/pages"}],"about":[{"href":"https:\/\/www.umpalai.it\/be\/wp-json\/wp\/v2\/types\/page"}],"author":[{"embeddable":true,"href":"https:\/\/www.umpalai.it\/be\/wp-json\/wp\/v2\/users\/1"}],"replies":[{"embeddable":true,"href":"https:\/\/www.umpalai.it\/be\/wp-json\/wp\/v2\/comments?post=1430"}],"version-history":[{"count":2,"href":"https:\/\/www.umpalai.it\/be\/wp-json\/wp\/v2\/pages\/1430\/revisions"}],"predecessor-version":[{"id":1445,"href":"https:\/\/www.umpalai.it\/be\/wp-json\/wp\/v2\/pages\/1430\/revisions\/1445"}],"wp:featuredmedia":[{"embeddable":true,"href":"https:\/\/www.umpalai.it\/be\/wp-json\/wp\/v2\/media\/1435"}],"wp:attachment":[{"href":"https:\/\/www.umpalai.it\/be\/wp-json\/wp\/v2\/media?parent=1430"}],"curies":[{"name":"wp","href":"https:\/\/api.w.org\/{rel}","templated":true}]}}