{"id":810,"date":"2024-04-09T19:18:09","date_gmt":"2024-04-09T19:18:09","guid":{"rendered":"https:\/tradizioni\/"},"modified":"2024-04-29T18:54:35","modified_gmt":"2024-04-29T18:54:35","slug":"traditionen","status":"publish","type":"page","link":"https:\/\/www.umpalai.it\/de\/bersntoler-kultur\/traditionen\/","title":{"rendered":"Traditionen"},"content":{"rendered":"\n<div class=\"wp-block-columns is-layout-flex wp-container-core-columns-is-layout-9d6595d7 wp-block-columns-is-layout-flex\">\n<div class=\"wp-block-column is-layout-flow wp-block-column-is-layout-flow\">\n<p>Die Gemeinschaft des Fersina-Tals bewahrt mit Liebe und Hingabe alte <strong>Traditionen<\/strong>, die im Laufe der Jahrhunderte weitergegeben wurden, und bewahrt nicht nur ihre eigene Sprache, sondern auch jahrhundertealte Riten, die bis heute lebendig sind.<\/p>\n\n\n\n<h2 class=\"wp-block-heading\"><strong>Wehrpflicht<\/strong><\/h2>\n\n\n\n<p>Eine der bedeutendsten Feierlichkeiten ist die Wehrpflicht, ein entscheidender \u00dcbergangsmoment f\u00fcr <strong>junge<\/strong> M\u00f2cheni, die erwachsen werden. In der Weihnachtszeit werden Kinder, die sich ihrem 18. Geburtstag n\u00e4hern, als <strong>Koskr\u00f6tn<\/strong> \u201egekr\u00f6nt\u201c. Sie tragen markante Symbole wie die <strong>Krone<\/strong>, einen kunstvollen Kopfschmuck, der mit Perlen und Trockenblumen verziert ist, und den Fazol, einen dreifarbigen Schal, der an die italienische Flagge erinnert.<\/p>\n\n\n\n<p>Im Jahr ihres achtzehnten Geburtstags nehmen Koskr\u00f6tn eine zentrale Rolle bei Gemeinschaftsfeiern ein, nehmen aktiv an Veranstaltungen wie Neujahrs- und Dreik\u00f6nigsfeiern, Karnevalswerbungen und anderen wichtigen Momenten teil und festigen tiefe Freundschaften, die sie ein Leben lang begleiten werden.<\/p>\n\n\n\n<figure class=\"wp-block-image size-large\"><img decoding=\"async\" width=\"1024\" height=\"772\" src=\"http:\/\/umpalai.it\/wp-content\/uploads\/2024\/04\/HPIM2510-1024x772.webp\" alt=\"\" class=\"wp-image-511\" srcset=\"https:\/\/www.umpalai.it\/wp-content\/uploads\/2024\/04\/HPIM2510-1024x772.webp 1024w, https:\/\/www.umpalai.it\/wp-content\/uploads\/2024\/04\/HPIM2510-300x226.webp 300w, https:\/\/www.umpalai.it\/wp-content\/uploads\/2024\/04\/HPIM2510-768x579.webp 768w, https:\/\/www.umpalai.it\/wp-content\/uploads\/2024\/04\/HPIM2510-1536x1157.webp 1536w, https:\/\/www.umpalai.it\/wp-content\/uploads\/2024\/04\/HPIM2510-2048x1543.webp 2048w\" sizes=\"(max-width: 1024px) 100vw, 1024px\" \/><\/figure>\n\n\n\n<h2 class=\"wp-block-heading\"><strong>Die St\u00e8la<\/strong><\/h2>\n\n\n\n<p>Ein weiteres besonderes Ritual des Fersina-Tals ist die <strong>St\u00e8la<\/strong>, ein alter Ritus, der in den Gemeinden Pal\u00f9\/Palai und Fierozzo\/Vlarotz noch immer lebendig ist. Um die Weihnachtszeit herum besuchen <strong>S\u00e4ngergruppen<\/strong> unter der <strong>Leitung<\/strong> von Wehrpflichtigen die H\u00e4user, singen <strong>traditionelle Lieder <\/strong> und sammeln Opfergaben f\u00fcr Messen zum Gedenken an die Verstorbenen.<\/p>\n\n\n\n<p>Die Wehrpflichtigen tragen einen gro\u00dfen verzierten Stern auf einem hohen Stock bei sich und durchqueren die H\u00f6fe des Tals in einer Atmosph\u00e4re tiefer Spiritualit\u00e4t und des Miteinanders.<\/p>\n\n\n\n<figure class=\"wp-block-image size-large\"><img decoding=\"async\" width=\"1024\" height=\"681\" src=\"http:\/\/umpalai.it\/wp-content\/uploads\/2024\/04\/DSC_-Inizio-Stela-Tasainer-e1495718697271-1024x681.webp\" alt=\"\" class=\"wp-image-513\" srcset=\"https:\/\/www.umpalai.it\/wp-content\/uploads\/2024\/04\/DSC_-Inizio-Stela-Tasainer-e1495718697271-1024x681.webp 1024w, https:\/\/www.umpalai.it\/wp-content\/uploads\/2024\/04\/DSC_-Inizio-Stela-Tasainer-e1495718697271-300x200.webp 300w, https:\/\/www.umpalai.it\/wp-content\/uploads\/2024\/04\/DSC_-Inizio-Stela-Tasainer-e1495718697271-768x511.webp 768w, https:\/\/www.umpalai.it\/wp-content\/uploads\/2024\/04\/DSC_-Inizio-Stela-Tasainer-e1495718697271-1536x1022.webp 1536w, https:\/\/www.umpalai.it\/wp-content\/uploads\/2024\/04\/DSC_-Inizio-Stela-Tasainer-e1495718697271.webp 1920w\" sizes=\"(max-width: 1024px) 100vw, 1024px\" \/><\/figure>\n\n\n\n<h2 class=\"wp-block-heading\"><strong>Der Karneval<\/strong><\/h2>\n\n\n\n<p>Der Karneval spielt eine grundlegende Rolle im Leben der Gemeinde und findet seinen H\u00f6hepunkt im traditionellen Faschingsdienstag. An diesem Feiertag durchqueren der alte Mann und die alte Frau \u2013 genannt <strong>b\u00e8tscho<\/strong> und de <strong>b\u00e8tscha<\/strong> \u2013 das Land und s\u00e4en <strong>Fruchtbarkeit<\/strong> und <strong>\u00dcberfluss<\/strong>. An dem Ritual beteiligt ist auch der sogenannte <strong>\u00f2iartroger<\/strong>, der Eiersammler, der die H\u00e4user besucht, um die von den Familien als Zeichen des Segens gespendeten Eier einzusammeln.<\/p>\n\n\n\n<p>Der Tag endet mit dem symbolischen Tod der alten M\u00e4nner und der <strong>Testamentsverlesung<\/strong> unter aktiver Einbeziehung der jungen Wehrpflichtigen, w\u00e4hrend die jungen Frauen zur Feier des Augenblicks Kuchen backen. Das <strong>Heufeuer<\/strong> auf dem B\u00e8tscho-Buckel markiert schlie\u00dflich den Abschluss des Karnevals und symbolisiert den Abschied vom Winter und die Er\u00f6ffnung f\u00fcr die Wiedergeburt des Fr\u00fchlings.<\/p>\n\n\n\n<figure class=\"wp-block-image size-large\"><img decoding=\"async\" width=\"1024\" height=\"683\" src=\"http:\/\/umpalai.it\/wp-content\/uploads\/2024\/04\/DSC4125-1-1-1024x683.webp\" alt=\"\" class=\"wp-image-939\" srcset=\"https:\/\/www.umpalai.it\/wp-content\/uploads\/2024\/04\/DSC4125-1-1-1024x683.webp 1024w, https:\/\/www.umpalai.it\/wp-content\/uploads\/2024\/04\/DSC4125-1-1-300x200.webp 300w, https:\/\/www.umpalai.it\/wp-content\/uploads\/2024\/04\/DSC4125-1-1-768x512.webp 768w, https:\/\/www.umpalai.it\/wp-content\/uploads\/2024\/04\/DSC4125-1-1-1536x1025.webp 1536w, https:\/\/www.umpalai.it\/wp-content\/uploads\/2024\/04\/DSC4125-1-1-2048x1366.webp 2048w\" sizes=\"(max-width: 1024px) 100vw, 1024px\" \/><\/figure>\n<\/div>\n<\/div>\n","protected":false},"excerpt":{"rendered":"<p>Die Gemeinschaft des Fersina-Tals bewahrt mit Liebe und Hingabe alte Traditionen, die im Laufe der Jahrhunderte weitergegeben wurden, und bewahrt nicht nur ihre eigene Sprache, sondern auch jahrhundertealte Riten, die bis heute lebendig sind. Wehrpflicht Eine der bedeutendsten Feierlichkeiten ist die Wehrpflicht, ein entscheidender \u00dcbergangsmoment f\u00fcr junge M\u00f2cheni, die erwachsen werden. In der Weihnachtszeit werden [&hellip;]<\/p>\n","protected":false},"author":1,"featured_media":1162,"parent":841,"menu_order":28,"comment_status":"closed","ping_status":"closed","template":"","meta":{"_acf_changed":true,"footnotes":""},"class_list":["post-810","page","type-page","status-publish","has-post-thumbnail","hentry"],"acf":[],"yoast_head":"<!-- This site is optimized with the Yoast SEO plugin v27.5 - https:\/\/yoast.com\/product\/yoast-seo-wordpress\/ -->\n<title>Traditionen - Um Palai<\/title>\n<meta name=\"description\" content=\"Die Gemeinschaft des Fersina-Tals bewahrt mit Liebe und Hingabe alte Traditionen, die im Laufe der Jahrhunderte weitergegeben wurden, und bewahrt nicht nur ihre eigene Sprache, sondern auch jahrhundertealte Riten, die bis heute lebendig sind.\" \/>\n<meta name=\"robots\" content=\"index, follow, max-snippet:-1, max-image-preview:large, max-video-preview:-1\" \/>\n<link rel=\"canonical\" href=\"https:\/\/www.umpalai.it\/de\/bersntoler-kultur\/traditionen\/\" \/>\n<meta property=\"og:locale\" content=\"de_DE\" \/>\n<meta property=\"og:type\" content=\"article\" \/>\n<meta property=\"og:title\" content=\"Traditionen - Um Palai\" \/>\n<meta property=\"og:description\" content=\"Die Gemeinschaft des Fersina-Tals bewahrt mit Liebe und Hingabe alte Traditionen, die im Laufe der Jahrhunderte weitergegeben wurden, und bewahrt nicht nur ihre eigene Sprache, sondern auch jahrhundertealte Riten, die bis heute lebendig sind.\" \/>\n<meta property=\"og:url\" content=\"https:\/\/www.umpalai.it\/de\/bersntoler-kultur\/traditionen\/\" \/>\n<meta property=\"og:site_name\" content=\"Um Palai\" \/>\n<meta property=\"article:publisher\" content=\"https:\/\/www.facebook.com\/PaludelFersina\/\" \/>\n<meta property=\"article:modified_time\" content=\"2024-04-29T18:54:35+00:00\" \/>\n<meta property=\"og:image\" content=\"https:\/\/www.umpalai.it\/wp-content\/uploads\/2024\/05\/Vosnocht-2016-IMG_9107.webp\" \/>\n\t<meta property=\"og:image:width\" content=\"2560\" \/>\n\t<meta property=\"og:image:height\" content=\"1920\" \/>\n\t<meta property=\"og:image:type\" content=\"image\/webp\" \/>\n<meta name=\"twitter:card\" content=\"summary_large_image\" \/>\n<meta name=\"twitter:label1\" content=\"Gesch\u00e4tzte Lesezeit\" \/>\n\t<meta name=\"twitter:data1\" content=\"3\u00a0Minuten\" \/>\n<script type=\"application\/ld+json\" class=\"yoast-schema-graph\">{\"@context\":\"https:\\\/\\\/schema.org\",\"@graph\":[{\"@type\":\"WebPage\",\"@id\":\"https:\\\/\\\/www.umpalai.it\\\/de\\\/bersntoler-kultur\\\/traditionen\\\/\",\"url\":\"https:\\\/\\\/www.umpalai.it\\\/de\\\/bersntoler-kultur\\\/traditionen\\\/\",\"name\":\"Traditionen - Um Palai\",\"isPartOf\":{\"@id\":\"https:\\\/\\\/www.umpalai.it\\\/de\\\/#website\"},\"primaryImageOfPage\":{\"@id\":\"https:\\\/\\\/www.umpalai.it\\\/de\\\/bersntoler-kultur\\\/traditionen\\\/#primaryimage\"},\"image\":{\"@id\":\"https:\\\/\\\/www.umpalai.it\\\/de\\\/bersntoler-kultur\\\/traditionen\\\/#primaryimage\"},\"thumbnailUrl\":\"https:\\\/\\\/www.umpalai.it\\\/wp-content\\\/uploads\\\/2024\\\/05\\\/Vosnocht-2016-IMG_9107.webp\",\"datePublished\":\"2024-04-09T19:18:09+00:00\",\"dateModified\":\"2024-04-29T18:54:35+00:00\",\"description\":\"Die Gemeinschaft des Fersina-Tals bewahrt mit Liebe und Hingabe alte Traditionen, die im Laufe der Jahrhunderte weitergegeben wurden, und bewahrt nicht nur ihre eigene Sprache, sondern auch jahrhundertealte Riten, die bis heute lebendig sind.\",\"breadcrumb\":{\"@id\":\"https:\\\/\\\/www.umpalai.it\\\/de\\\/bersntoler-kultur\\\/traditionen\\\/#breadcrumb\"},\"inLanguage\":\"de\",\"potentialAction\":[{\"@type\":\"ReadAction\",\"target\":[\"https:\\\/\\\/www.umpalai.it\\\/de\\\/bersntoler-kultur\\\/traditionen\\\/\"]}]},{\"@type\":\"ImageObject\",\"inLanguage\":\"de\",\"@id\":\"https:\\\/\\\/www.umpalai.it\\\/de\\\/bersntoler-kultur\\\/traditionen\\\/#primaryimage\",\"url\":\"https:\\\/\\\/www.umpalai.it\\\/wp-content\\\/uploads\\\/2024\\\/05\\\/Vosnocht-2016-IMG_9107.webp\",\"contentUrl\":\"https:\\\/\\\/www.umpalai.it\\\/wp-content\\\/uploads\\\/2024\\\/05\\\/Vosnocht-2016-IMG_9107.webp\",\"width\":2560,\"height\":1920,\"caption\":\"Tradizioni\"},{\"@type\":\"BreadcrumbList\",\"@id\":\"https:\\\/\\\/www.umpalai.it\\\/de\\\/bersntoler-kultur\\\/traditionen\\\/#breadcrumb\",\"itemListElement\":[{\"@type\":\"ListItem\",\"position\":1,\"name\":\"Home\",\"item\":\"https:\\\/\\\/www.umpalai.it\\\/de\\\/\"},{\"@type\":\"ListItem\",\"position\":2,\"name\":\"Bersntoler Kultur\",\"item\":\"https:\\\/\\\/www.umpalai.it\\\/de\\\/bersntoler-kultur\\\/\"},{\"@type\":\"ListItem\",\"position\":3,\"name\":\"Traditionen\"}]},{\"@type\":\"WebSite\",\"@id\":\"https:\\\/\\\/www.umpalai.it\\\/de\\\/#website\",\"url\":\"https:\\\/\\\/www.umpalai.it\\\/de\\\/\",\"name\":\"Pal\u00f9 del Fersina\",\"description\":\"Im Herzen des Fersental\",\"publisher\":{\"@id\":\"https:\\\/\\\/www.umpalai.it\\\/de\\\/#organization\"},\"potentialAction\":[{\"@type\":\"SearchAction\",\"target\":{\"@type\":\"EntryPoint\",\"urlTemplate\":\"https:\\\/\\\/www.umpalai.it\\\/de\\\/?s={search_term_string}\"},\"query-input\":{\"@type\":\"PropertyValueSpecification\",\"valueRequired\":true,\"valueName\":\"search_term_string\"}}],\"inLanguage\":\"de\"},{\"@type\":\"Organization\",\"@id\":\"https:\\\/\\\/www.umpalai.it\\\/de\\\/#organization\",\"name\":\"Pal\u00f9 del Fersina\",\"url\":\"https:\\\/\\\/www.umpalai.it\\\/de\\\/\",\"logo\":{\"@type\":\"ImageObject\",\"inLanguage\":\"de\",\"@id\":\"https:\\\/\\\/www.umpalai.it\\\/de\\\/#\\\/schema\\\/logo\\\/image\\\/\",\"url\":\"https:\\\/\\\/www.umpalai.it\\\/wp-content\\\/uploads\\\/2024\\\/04\\\/um-palai.png\",\"contentUrl\":\"https:\\\/\\\/www.umpalai.it\\\/wp-content\\\/uploads\\\/2024\\\/04\\\/um-palai.png\",\"width\":1211,\"height\":823,\"caption\":\"Pal\u00f9 del Fersina\"},\"image\":{\"@id\":\"https:\\\/\\\/www.umpalai.it\\\/de\\\/#\\\/schema\\\/logo\\\/image\\\/\"},\"sameAs\":[\"https:\\\/\\\/www.facebook.com\\\/PaludelFersina\\\/\"]}]}<\/script>\n<!-- \/ Yoast SEO plugin. -->","yoast_head_json":{"title":"Traditionen - Um Palai","description":"Die Gemeinschaft des Fersina-Tals bewahrt mit Liebe und Hingabe alte Traditionen, die im Laufe der Jahrhunderte weitergegeben wurden, und bewahrt nicht nur ihre eigene Sprache, sondern auch jahrhundertealte Riten, die bis heute lebendig sind.","robots":{"index":"index","follow":"follow","max-snippet":"max-snippet:-1","max-image-preview":"max-image-preview:large","max-video-preview":"max-video-preview:-1"},"canonical":"https:\/\/www.umpalai.it\/de\/bersntoler-kultur\/traditionen\/","og_locale":"de_DE","og_type":"article","og_title":"Traditionen - Um Palai","og_description":"Die Gemeinschaft des Fersina-Tals bewahrt mit Liebe und Hingabe alte Traditionen, die im Laufe der Jahrhunderte weitergegeben wurden, und bewahrt nicht nur ihre eigene Sprache, sondern auch jahrhundertealte Riten, die bis heute lebendig sind.","og_url":"https:\/\/www.umpalai.it\/de\/bersntoler-kultur\/traditionen\/","og_site_name":"Um Palai","article_publisher":"https:\/\/www.facebook.com\/PaludelFersina\/","article_modified_time":"2024-04-29T18:54:35+00:00","og_image":[{"width":2560,"height":1920,"url":"https:\/\/www.umpalai.it\/wp-content\/uploads\/2024\/05\/Vosnocht-2016-IMG_9107.webp","type":"image\/webp"}],"twitter_card":"summary_large_image","twitter_misc":{"Gesch\u00e4tzte Lesezeit":"3\u00a0Minuten"},"schema":{"@context":"https:\/\/schema.org","@graph":[{"@type":"WebPage","@id":"https:\/\/www.umpalai.it\/de\/bersntoler-kultur\/traditionen\/","url":"https:\/\/www.umpalai.it\/de\/bersntoler-kultur\/traditionen\/","name":"Traditionen - Um Palai","isPartOf":{"@id":"https:\/\/www.umpalai.it\/de\/#website"},"primaryImageOfPage":{"@id":"https:\/\/www.umpalai.it\/de\/bersntoler-kultur\/traditionen\/#primaryimage"},"image":{"@id":"https:\/\/www.umpalai.it\/de\/bersntoler-kultur\/traditionen\/#primaryimage"},"thumbnailUrl":"https:\/\/www.umpalai.it\/wp-content\/uploads\/2024\/05\/Vosnocht-2016-IMG_9107.webp","datePublished":"2024-04-09T19:18:09+00:00","dateModified":"2024-04-29T18:54:35+00:00","description":"Die Gemeinschaft des Fersina-Tals bewahrt mit Liebe und Hingabe alte Traditionen, die im Laufe der Jahrhunderte weitergegeben wurden, und bewahrt nicht nur ihre eigene Sprache, sondern auch jahrhundertealte Riten, die bis heute lebendig sind.","breadcrumb":{"@id":"https:\/\/www.umpalai.it\/de\/bersntoler-kultur\/traditionen\/#breadcrumb"},"inLanguage":"de","potentialAction":[{"@type":"ReadAction","target":["https:\/\/www.umpalai.it\/de\/bersntoler-kultur\/traditionen\/"]}]},{"@type":"ImageObject","inLanguage":"de","@id":"https:\/\/www.umpalai.it\/de\/bersntoler-kultur\/traditionen\/#primaryimage","url":"https:\/\/www.umpalai.it\/wp-content\/uploads\/2024\/05\/Vosnocht-2016-IMG_9107.webp","contentUrl":"https:\/\/www.umpalai.it\/wp-content\/uploads\/2024\/05\/Vosnocht-2016-IMG_9107.webp","width":2560,"height":1920,"caption":"Tradizioni"},{"@type":"BreadcrumbList","@id":"https:\/\/www.umpalai.it\/de\/bersntoler-kultur\/traditionen\/#breadcrumb","itemListElement":[{"@type":"ListItem","position":1,"name":"Home","item":"https:\/\/www.umpalai.it\/de\/"},{"@type":"ListItem","position":2,"name":"Bersntoler Kultur","item":"https:\/\/www.umpalai.it\/de\/bersntoler-kultur\/"},{"@type":"ListItem","position":3,"name":"Traditionen"}]},{"@type":"WebSite","@id":"https:\/\/www.umpalai.it\/de\/#website","url":"https:\/\/www.umpalai.it\/de\/","name":"Pal\u00f9 del Fersina","description":"Im Herzen des Fersental","publisher":{"@id":"https:\/\/www.umpalai.it\/de\/#organization"},"potentialAction":[{"@type":"SearchAction","target":{"@type":"EntryPoint","urlTemplate":"https:\/\/www.umpalai.it\/de\/?s={search_term_string}"},"query-input":{"@type":"PropertyValueSpecification","valueRequired":true,"valueName":"search_term_string"}}],"inLanguage":"de"},{"@type":"Organization","@id":"https:\/\/www.umpalai.it\/de\/#organization","name":"Pal\u00f9 del Fersina","url":"https:\/\/www.umpalai.it\/de\/","logo":{"@type":"ImageObject","inLanguage":"de","@id":"https:\/\/www.umpalai.it\/de\/#\/schema\/logo\/image\/","url":"https:\/\/www.umpalai.it\/wp-content\/uploads\/2024\/04\/um-palai.png","contentUrl":"https:\/\/www.umpalai.it\/wp-content\/uploads\/2024\/04\/um-palai.png","width":1211,"height":823,"caption":"Pal\u00f9 del Fersina"},"image":{"@id":"https:\/\/www.umpalai.it\/de\/#\/schema\/logo\/image\/"},"sameAs":["https:\/\/www.facebook.com\/PaludelFersina\/"]}]}},"_links":{"self":[{"href":"https:\/\/www.umpalai.it\/de\/wp-json\/wp\/v2\/pages\/810","targetHints":{"allow":["GET"]}}],"collection":[{"href":"https:\/\/www.umpalai.it\/de\/wp-json\/wp\/v2\/pages"}],"about":[{"href":"https:\/\/www.umpalai.it\/de\/wp-json\/wp\/v2\/types\/page"}],"author":[{"embeddable":true,"href":"https:\/\/www.umpalai.it\/de\/wp-json\/wp\/v2\/users\/1"}],"replies":[{"embeddable":true,"href":"https:\/\/www.umpalai.it\/de\/wp-json\/wp\/v2\/comments?post=810"}],"version-history":[{"count":0,"href":"https:\/\/www.umpalai.it\/de\/wp-json\/wp\/v2\/pages\/810\/revisions"}],"up":[{"embeddable":true,"href":"https:\/\/www.umpalai.it\/de\/wp-json\/wp\/v2\/pages\/841"}],"wp:featuredmedia":[{"embeddable":true,"href":"https:\/\/www.umpalai.it\/de\/wp-json\/wp\/v2\/media\/1162"}],"wp:attachment":[{"href":"https:\/\/www.umpalai.it\/de\/wp-json\/wp\/v2\/media?parent=810"}],"curies":[{"name":"wp","href":"https:\/\/api.w.org\/{rel}","templated":true}]}}