{"id":814,"date":"2024-04-09T19:17:56","date_gmt":"2024-04-09T19:17:56","guid":{"rendered":"https:\/lingua\/"},"modified":"2024-04-28T14:38:40","modified_gmt":"2024-04-28T14:38:40","slug":"sprache","status":"publish","type":"page","link":"https:\/\/www.umpalai.it\/de\/bersntoler-kultur\/sprache\/","title":{"rendered":"Sprache"},"content":{"rendered":"\n<div class=\"wp-block-columns is-layout-flex wp-container-core-columns-is-layout-9d6595d7 wp-block-columns-is-layout-flex\">\n<div class=\"wp-block-column is-layout-flow wp-block-column-is-layout-flow\">\n<p>Das Fersina-Tal ist eine bezaubernde Sprachoase, in der ein alter Dialekt aus dem Jahr 1200 noch immer von Jung und Alt verwendet wird. Diese <strong>M\u00f2cheno<\/strong> genannte Sprache wird von Linguisten als ein Phonem mitteloberbairischen Ursprungs angesehen, das von deutschen Siedlern namens <strong>Roncadori<\/strong> importiert wurde. Sie lie\u00dfen sich am Ufer des Baches Fersina nieder, in einer schmalen Bucht zwischen den Bergen im s\u00fcd\u00f6stlichen Teil des Trentino, am n\u00f6rdlichsten Ende des Valsugana.<\/p>\n\n\n\n<p>Der begrenzte Austausch der Talbewohner mit der Au\u00dfenwelt beg\u00fcnstigte die Selbstst\u00e4ndigkeit und lie\u00df die Sprache \u00fcber die Jahre hinweg in ihrer <strong>urspr\u00fcnglichen<\/strong> Form weiterleben.<\/p>\n\n\n\n<p>Einfl\u00fcsse aus dem Italienischen, insbesondere aus dem Trentiner Dialekt und aus umliegenden Gebieten wie Pergine und Pinetano, sowie aus dem Tiroler gelten als relativ neu. Die Vorherrschaft der M\u00f2chena-Sprache blieb jedoch unver\u00e4ndert und ihr Reichtum und ihre Authentizit\u00e4t blieben erhalten.<\/p>\n\n\n\n<p>Diese besondere sprachliche Erhaltung macht das Fersina-Tal zu einem einzigartigen und faszinierenden Ort, attraktiv f\u00fcr diejenigen, die in eine authentische und intakte <strong>Kultur<\/strong> und Tradition eintauchen m\u00f6chten.<\/p>\n\n\n\n<figure class=\"wp-block-image size-large\"><img decoding=\"async\" width=\"1024\" height=\"683\" src=\"http:\/\/umpalai.it\/wp-content\/uploads\/2024\/04\/DSC4115-1024x683.webp\" alt=\"\" class=\"wp-image-515\" srcset=\"https:\/\/www.umpalai.it\/wp-content\/uploads\/2024\/04\/DSC4115-1024x683.webp 1024w, https:\/\/www.umpalai.it\/wp-content\/uploads\/2024\/04\/DSC4115-300x200.webp 300w, https:\/\/www.umpalai.it\/wp-content\/uploads\/2024\/04\/DSC4115-768x512.webp 768w, https:\/\/www.umpalai.it\/wp-content\/uploads\/2024\/04\/DSC4115-1536x1024.webp 1536w, https:\/\/www.umpalai.it\/wp-content\/uploads\/2024\/04\/DSC4115-2048x1366.webp 2048w\" sizes=\"(max-width: 1024px) 100vw, 1024px\" \/><\/figure>\n<\/div>\n<\/div>\n","protected":false},"excerpt":{"rendered":"<p>Das Fersina-Tal ist eine bezaubernde Sprachoase, in der ein alter Dialekt aus dem Jahr 1200 noch immer von Jung und Alt verwendet wird. Diese M\u00f2cheno genannte Sprache wird von Linguisten als ein Phonem mitteloberbairischen Ursprungs angesehen, das von deutschen Siedlern namens Roncadori importiert wurde. Sie lie\u00dfen sich am Ufer des Baches Fersina nieder, in einer [&hellip;]<\/p>\n","protected":false},"author":1,"featured_media":656,"parent":841,"menu_order":24,"comment_status":"closed","ping_status":"closed","template":"","meta":{"_acf_changed":true,"footnotes":""},"class_list":["post-814","page","type-page","status-publish","has-post-thumbnail","hentry"],"acf":[],"yoast_head":"<!-- This site is optimized with the Yoast SEO plugin v27.5 - https:\/\/yoast.com\/product\/yoast-seo-wordpress\/ -->\n<title>Sprache - Um Palai<\/title>\n<meta name=\"description\" content=\"Das Fersina-Tal ist eine bezaubernde Sprachoase, in der eine alte Sprache aus dem Jahr 1200 noch immer von Jung und Alt verwendet wird. Diese M\u00f2cheno genannte Sprache wird von Linguisten als ein Phonem mitteloberbairischen Ursprungs angesehen, das von deutschen Siedlern namens Roncadori importiert wurde.\" \/>\n<meta name=\"robots\" content=\"index, follow, max-snippet:-1, max-image-preview:large, max-video-preview:-1\" \/>\n<link rel=\"canonical\" href=\"https:\/\/www.umpalai.it\/de\/bersntoler-kultur\/sprache\/\" \/>\n<meta property=\"og:locale\" content=\"de_DE\" \/>\n<meta property=\"og:type\" content=\"article\" \/>\n<meta property=\"og:title\" content=\"Sprache - Um Palai\" \/>\n<meta property=\"og:description\" content=\"Das Fersina-Tal ist eine bezaubernde Sprachoase, in der eine alte Sprache aus dem Jahr 1200 noch immer von Jung und Alt verwendet wird. Diese M\u00f2cheno genannte Sprache wird von Linguisten als ein Phonem mitteloberbairischen Ursprungs angesehen, das von deutschen Siedlern namens Roncadori importiert wurde.\" \/>\n<meta property=\"og:url\" content=\"https:\/\/www.umpalai.it\/de\/bersntoler-kultur\/sprache\/\" \/>\n<meta property=\"og:site_name\" content=\"Um Palai\" \/>\n<meta property=\"article:publisher\" content=\"https:\/\/www.facebook.com\/PaludelFersina\/\" \/>\n<meta property=\"article:modified_time\" content=\"2024-04-28T14:38:40+00:00\" \/>\n<meta property=\"og:image\" content=\"https:\/\/www.umpalai.it\/wp-content\/uploads\/2024\/04\/Palu-del-Fersina-\u00a9-foto-Daniele-Mosna-5.webp\" \/>\n\t<meta property=\"og:image:width\" content=\"2560\" \/>\n\t<meta property=\"og:image:height\" content=\"1707\" \/>\n\t<meta property=\"og:image:type\" content=\"image\/webp\" \/>\n<meta name=\"twitter:card\" content=\"summary_large_image\" \/>\n<meta name=\"twitter:label1\" content=\"Gesch\u00e4tzte Lesezeit\" \/>\n\t<meta name=\"twitter:data1\" content=\"2\u00a0Minuten\" \/>\n<script type=\"application\/ld+json\" class=\"yoast-schema-graph\">{\"@context\":\"https:\\\/\\\/schema.org\",\"@graph\":[{\"@type\":\"WebPage\",\"@id\":\"https:\\\/\\\/www.umpalai.it\\\/de\\\/bersntoler-kultur\\\/sprache\\\/\",\"url\":\"https:\\\/\\\/www.umpalai.it\\\/de\\\/bersntoler-kultur\\\/sprache\\\/\",\"name\":\"Sprache - Um Palai\",\"isPartOf\":{\"@id\":\"https:\\\/\\\/www.umpalai.it\\\/de\\\/#website\"},\"primaryImageOfPage\":{\"@id\":\"https:\\\/\\\/www.umpalai.it\\\/de\\\/bersntoler-kultur\\\/sprache\\\/#primaryimage\"},\"image\":{\"@id\":\"https:\\\/\\\/www.umpalai.it\\\/de\\\/bersntoler-kultur\\\/sprache\\\/#primaryimage\"},\"thumbnailUrl\":\"https:\\\/\\\/www.umpalai.it\\\/wp-content\\\/uploads\\\/2024\\\/04\\\/Palu-del-Fersina-\u00a9-foto-Daniele-Mosna-5.webp\",\"datePublished\":\"2024-04-09T19:17:56+00:00\",\"dateModified\":\"2024-04-28T14:38:40+00:00\",\"description\":\"Das Fersina-Tal ist eine bezaubernde Sprachoase, in der eine alte Sprache aus dem Jahr 1200 noch immer von Jung und Alt verwendet wird. Diese M\u00f2cheno genannte Sprache wird von Linguisten als ein Phonem mitteloberbairischen Ursprungs angesehen, das von deutschen Siedlern namens Roncadori importiert wurde.\",\"breadcrumb\":{\"@id\":\"https:\\\/\\\/www.umpalai.it\\\/de\\\/bersntoler-kultur\\\/sprache\\\/#breadcrumb\"},\"inLanguage\":\"de\",\"potentialAction\":[{\"@type\":\"ReadAction\",\"target\":[\"https:\\\/\\\/www.umpalai.it\\\/de\\\/bersntoler-kultur\\\/sprache\\\/\"]}]},{\"@type\":\"ImageObject\",\"inLanguage\":\"de\",\"@id\":\"https:\\\/\\\/www.umpalai.it\\\/de\\\/bersntoler-kultur\\\/sprache\\\/#primaryimage\",\"url\":\"https:\\\/\\\/www.umpalai.it\\\/wp-content\\\/uploads\\\/2024\\\/04\\\/Palu-del-Fersina-\u00a9-foto-Daniele-Mosna-5.webp\",\"contentUrl\":\"https:\\\/\\\/www.umpalai.it\\\/wp-content\\\/uploads\\\/2024\\\/04\\\/Palu-del-Fersina-\u00a9-foto-Daniele-Mosna-5.webp\",\"width\":2560,\"height\":1707,\"caption\":\"Istituto Culturale Mocheno\"},{\"@type\":\"BreadcrumbList\",\"@id\":\"https:\\\/\\\/www.umpalai.it\\\/de\\\/bersntoler-kultur\\\/sprache\\\/#breadcrumb\",\"itemListElement\":[{\"@type\":\"ListItem\",\"position\":1,\"name\":\"Home\",\"item\":\"https:\\\/\\\/www.umpalai.it\\\/de\\\/\"},{\"@type\":\"ListItem\",\"position\":2,\"name\":\"Bersntoler Kultur\",\"item\":\"https:\\\/\\\/www.umpalai.it\\\/de\\\/bersntoler-kultur\\\/\"},{\"@type\":\"ListItem\",\"position\":3,\"name\":\"Sprache\"}]},{\"@type\":\"WebSite\",\"@id\":\"https:\\\/\\\/www.umpalai.it\\\/de\\\/#website\",\"url\":\"https:\\\/\\\/www.umpalai.it\\\/de\\\/\",\"name\":\"Pal\u00f9 del Fersina\",\"description\":\"Im Herzen des Fersental\",\"publisher\":{\"@id\":\"https:\\\/\\\/www.umpalai.it\\\/de\\\/#organization\"},\"potentialAction\":[{\"@type\":\"SearchAction\",\"target\":{\"@type\":\"EntryPoint\",\"urlTemplate\":\"https:\\\/\\\/www.umpalai.it\\\/de\\\/?s={search_term_string}\"},\"query-input\":{\"@type\":\"PropertyValueSpecification\",\"valueRequired\":true,\"valueName\":\"search_term_string\"}}],\"inLanguage\":\"de\"},{\"@type\":\"Organization\",\"@id\":\"https:\\\/\\\/www.umpalai.it\\\/de\\\/#organization\",\"name\":\"Pal\u00f9 del Fersina\",\"url\":\"https:\\\/\\\/www.umpalai.it\\\/de\\\/\",\"logo\":{\"@type\":\"ImageObject\",\"inLanguage\":\"de\",\"@id\":\"https:\\\/\\\/www.umpalai.it\\\/de\\\/#\\\/schema\\\/logo\\\/image\\\/\",\"url\":\"https:\\\/\\\/www.umpalai.it\\\/wp-content\\\/uploads\\\/2024\\\/04\\\/um-palai.png\",\"contentUrl\":\"https:\\\/\\\/www.umpalai.it\\\/wp-content\\\/uploads\\\/2024\\\/04\\\/um-palai.png\",\"width\":1211,\"height\":823,\"caption\":\"Pal\u00f9 del Fersina\"},\"image\":{\"@id\":\"https:\\\/\\\/www.umpalai.it\\\/de\\\/#\\\/schema\\\/logo\\\/image\\\/\"},\"sameAs\":[\"https:\\\/\\\/www.facebook.com\\\/PaludelFersina\\\/\"]}]}<\/script>\n<!-- \/ Yoast SEO plugin. -->","yoast_head_json":{"title":"Sprache - Um Palai","description":"Das Fersina-Tal ist eine bezaubernde Sprachoase, in der eine alte Sprache aus dem Jahr 1200 noch immer von Jung und Alt verwendet wird. Diese M\u00f2cheno genannte Sprache wird von Linguisten als ein Phonem mitteloberbairischen Ursprungs angesehen, das von deutschen Siedlern namens Roncadori importiert wurde.","robots":{"index":"index","follow":"follow","max-snippet":"max-snippet:-1","max-image-preview":"max-image-preview:large","max-video-preview":"max-video-preview:-1"},"canonical":"https:\/\/www.umpalai.it\/de\/bersntoler-kultur\/sprache\/","og_locale":"de_DE","og_type":"article","og_title":"Sprache - Um Palai","og_description":"Das Fersina-Tal ist eine bezaubernde Sprachoase, in der eine alte Sprache aus dem Jahr 1200 noch immer von Jung und Alt verwendet wird. Diese M\u00f2cheno genannte Sprache wird von Linguisten als ein Phonem mitteloberbairischen Ursprungs angesehen, das von deutschen Siedlern namens Roncadori importiert wurde.","og_url":"https:\/\/www.umpalai.it\/de\/bersntoler-kultur\/sprache\/","og_site_name":"Um Palai","article_publisher":"https:\/\/www.facebook.com\/PaludelFersina\/","article_modified_time":"2024-04-28T14:38:40+00:00","og_image":[{"width":2560,"height":1707,"url":"https:\/\/www.umpalai.it\/wp-content\/uploads\/2024\/04\/Palu-del-Fersina-\u00a9-foto-Daniele-Mosna-5.webp","type":"image\/webp"}],"twitter_card":"summary_large_image","twitter_misc":{"Gesch\u00e4tzte Lesezeit":"2\u00a0Minuten"},"schema":{"@context":"https:\/\/schema.org","@graph":[{"@type":"WebPage","@id":"https:\/\/www.umpalai.it\/de\/bersntoler-kultur\/sprache\/","url":"https:\/\/www.umpalai.it\/de\/bersntoler-kultur\/sprache\/","name":"Sprache - Um Palai","isPartOf":{"@id":"https:\/\/www.umpalai.it\/de\/#website"},"primaryImageOfPage":{"@id":"https:\/\/www.umpalai.it\/de\/bersntoler-kultur\/sprache\/#primaryimage"},"image":{"@id":"https:\/\/www.umpalai.it\/de\/bersntoler-kultur\/sprache\/#primaryimage"},"thumbnailUrl":"https:\/\/www.umpalai.it\/wp-content\/uploads\/2024\/04\/Palu-del-Fersina-\u00a9-foto-Daniele-Mosna-5.webp","datePublished":"2024-04-09T19:17:56+00:00","dateModified":"2024-04-28T14:38:40+00:00","description":"Das Fersina-Tal ist eine bezaubernde Sprachoase, in der eine alte Sprache aus dem Jahr 1200 noch immer von Jung und Alt verwendet wird. Diese M\u00f2cheno genannte Sprache wird von Linguisten als ein Phonem mitteloberbairischen Ursprungs angesehen, das von deutschen Siedlern namens Roncadori importiert wurde.","breadcrumb":{"@id":"https:\/\/www.umpalai.it\/de\/bersntoler-kultur\/sprache\/#breadcrumb"},"inLanguage":"de","potentialAction":[{"@type":"ReadAction","target":["https:\/\/www.umpalai.it\/de\/bersntoler-kultur\/sprache\/"]}]},{"@type":"ImageObject","inLanguage":"de","@id":"https:\/\/www.umpalai.it\/de\/bersntoler-kultur\/sprache\/#primaryimage","url":"https:\/\/www.umpalai.it\/wp-content\/uploads\/2024\/04\/Palu-del-Fersina-\u00a9-foto-Daniele-Mosna-5.webp","contentUrl":"https:\/\/www.umpalai.it\/wp-content\/uploads\/2024\/04\/Palu-del-Fersina-\u00a9-foto-Daniele-Mosna-5.webp","width":2560,"height":1707,"caption":"Istituto Culturale Mocheno"},{"@type":"BreadcrumbList","@id":"https:\/\/www.umpalai.it\/de\/bersntoler-kultur\/sprache\/#breadcrumb","itemListElement":[{"@type":"ListItem","position":1,"name":"Home","item":"https:\/\/www.umpalai.it\/de\/"},{"@type":"ListItem","position":2,"name":"Bersntoler Kultur","item":"https:\/\/www.umpalai.it\/de\/bersntoler-kultur\/"},{"@type":"ListItem","position":3,"name":"Sprache"}]},{"@type":"WebSite","@id":"https:\/\/www.umpalai.it\/de\/#website","url":"https:\/\/www.umpalai.it\/de\/","name":"Pal\u00f9 del Fersina","description":"Im Herzen des Fersental","publisher":{"@id":"https:\/\/www.umpalai.it\/de\/#organization"},"potentialAction":[{"@type":"SearchAction","target":{"@type":"EntryPoint","urlTemplate":"https:\/\/www.umpalai.it\/de\/?s={search_term_string}"},"query-input":{"@type":"PropertyValueSpecification","valueRequired":true,"valueName":"search_term_string"}}],"inLanguage":"de"},{"@type":"Organization","@id":"https:\/\/www.umpalai.it\/de\/#organization","name":"Pal\u00f9 del Fersina","url":"https:\/\/www.umpalai.it\/de\/","logo":{"@type":"ImageObject","inLanguage":"de","@id":"https:\/\/www.umpalai.it\/de\/#\/schema\/logo\/image\/","url":"https:\/\/www.umpalai.it\/wp-content\/uploads\/2024\/04\/um-palai.png","contentUrl":"https:\/\/www.umpalai.it\/wp-content\/uploads\/2024\/04\/um-palai.png","width":1211,"height":823,"caption":"Pal\u00f9 del Fersina"},"image":{"@id":"https:\/\/www.umpalai.it\/de\/#\/schema\/logo\/image\/"},"sameAs":["https:\/\/www.facebook.com\/PaludelFersina\/"]}]}},"_links":{"self":[{"href":"https:\/\/www.umpalai.it\/de\/wp-json\/wp\/v2\/pages\/814","targetHints":{"allow":["GET"]}}],"collection":[{"href":"https:\/\/www.umpalai.it\/de\/wp-json\/wp\/v2\/pages"}],"about":[{"href":"https:\/\/www.umpalai.it\/de\/wp-json\/wp\/v2\/types\/page"}],"author":[{"embeddable":true,"href":"https:\/\/www.umpalai.it\/de\/wp-json\/wp\/v2\/users\/1"}],"replies":[{"embeddable":true,"href":"https:\/\/www.umpalai.it\/de\/wp-json\/wp\/v2\/comments?post=814"}],"version-history":[{"count":0,"href":"https:\/\/www.umpalai.it\/de\/wp-json\/wp\/v2\/pages\/814\/revisions"}],"up":[{"embeddable":true,"href":"https:\/\/www.umpalai.it\/de\/wp-json\/wp\/v2\/pages\/841"}],"wp:featuredmedia":[{"embeddable":true,"href":"https:\/\/www.umpalai.it\/de\/wp-json\/wp\/v2\/media\/656"}],"wp:attachment":[{"href":"https:\/\/www.umpalai.it\/de\/wp-json\/wp\/v2\/media?parent=814"}],"curies":[{"name":"wp","href":"https:\/\/api.w.org\/{rel}","templated":true}]}}