{"id":1330,"date":"2024-03-06T22:43:56","date_gmt":"2024-03-06T22:43:56","guid":{"rendered":"https:\/?page_id=1330"},"modified":"2024-06-04T20:35:19","modified_gmt":"2024-06-04T20:35:19","slug":"um-palai","status":"publish","type":"page","link":"https:\/\/www.umpalai.it\/en\/","title":{"rendered":"Um Palai"},"content":{"rendered":"\n<div class=\"wp-block-columns blocco-titolo-testo is-layout-flex wp-container-core-columns-is-layout-9d6595d7 wp-block-columns-is-layout-flex\">\n<div class=\"wp-block-column is-layout-flow wp-block-column-is-layout-flow\">\n<h2 class=\"wp-block-heading\"><strong>Pal\u00f9 del Fersina<\/strong><br>A refuge of peace and tranquility nestled in nature.<\/h2>\n<\/div>\n\n\n\n<div class=\"wp-block-column is-layout-flow wp-block-column-is-layout-flow\">\n<p>Discover Pal\u00f9 del Fersina, a place of rare beauty enveloped by breathtaking landscapes and enriched with a <strong>millennia-old history<\/strong>. Let yourself be transported by the magic of this territory, where wild <strong>nature<\/strong> harmoniously blends with the rich local cultural <strong>heritage<\/strong>. An authentic and unforgettable <strong>experience<\/strong> awaits you in this wonderful region of the Dolomites.<\/p>\n<\/div>\n<\/div>\n\n\n\n<div class=\"wp-block-columns full-width no-padding blocco-video is-layout-flex wp-container-core-columns-is-layout-9d6595d7 wp-block-columns-is-layout-flex\">\n<div class=\"wp-block-column is-layout-flow wp-block-column-is-layout-flow\">\n<iframe loading=\"lazy\" src=\"https:\/\/www.youtube.com\/embed\/hXM4_nvcDrc?feature=oembed&autoplay=1&mute=1&loop=1&playlist=hXM4_nvcDrc\" title=\"Pal\u00f9 del Fersina\" width=\"1280\" height=\"720\" allow=\"accelerometer; autoplay; clipboard-write; encrypted-media; gyroscope; picture-in-picture; web-share\" referrerpolicy=\"strict-origin-when-cross-origin\" allowfullscreen=\"\" data-cmp-info=\"7\"><\/iframe>\n<\/div>\n<\/div>\n\n\n\n<div class=\"wp-block-columns blocco-musei is-layout-flex wp-container-core-columns-is-layout-9d6595d7 wp-block-columns-is-layout-flex\">\n<div class=\"wp-block-column is-layout-flow wp-block-column-is-layout-flow\">\n<div class=\"articoli\">\n    <a href=\"https:\/\/www.umpalai.it\/en\/museums\/erdemolo-mine\/\" class=\"articolo\">\n    <figure><img decoding=\"async\" width=\"2560\" height=\"1707\" src=\"https:\/\/www.umpalai.it\/wp-content\/uploads\/2024\/04\/Miniera-a-Palu-del-Fersina-\u00a9-foto-Daniele-Mosna-9541.webp\" class=\"attachment-post-thumbnail size-post-thumbnail wp-post-image\" alt=\"\" srcset=\"https:\/\/www.umpalai.it\/wp-content\/uploads\/2024\/04\/Miniera-a-Palu-del-Fersina-\u00a9-foto-Daniele-Mosna-9541.webp 2560w, https:\/\/www.umpalai.it\/wp-content\/uploads\/2024\/04\/Miniera-a-Palu-del-Fersina-\u00a9-foto-Daniele-Mosna-9541-300x200.webp 300w, https:\/\/www.umpalai.it\/wp-content\/uploads\/2024\/04\/Miniera-a-Palu-del-Fersina-\u00a9-foto-Daniele-Mosna-9541-1024x683.webp 1024w, https:\/\/www.umpalai.it\/wp-content\/uploads\/2024\/04\/Miniera-a-Palu-del-Fersina-\u00a9-foto-Daniele-Mosna-9541-768x512.webp 768w, https:\/\/www.umpalai.it\/wp-content\/uploads\/2024\/04\/Miniera-a-Palu-del-Fersina-\u00a9-foto-Daniele-Mosna-9541-1536x1024.webp 1536w, https:\/\/www.umpalai.it\/wp-content\/uploads\/2024\/04\/Miniera-a-Palu-del-Fersina-\u00a9-foto-Daniele-Mosna-9541-2048x1366.webp 2048w\" sizes=\"(max-width: 2560px) 100vw, 2560px\" \/><\/figure>    <div class=\"articolo-text\">\n        <h2><strong>Erdemolo<\/strong>Mine<\/h2>\n        <p>\n\n\nThe dark and strenuous life of the canopi, miners arriving from Bohemia and Tyrol, told within the galleries of the Erdemolo Mine\n\n\n\n\n\n\n\nExplore the Gruab va Hardimbl mine in Pal\u00f9 del Fersina, located at 1700 meters above sea level and accessible along the trail leading to Lake Erdemolo. This ancient mine, operational between 1400 and 1650, now opens its doors to the public eager to immerse themselves in the history of the Fersina Valley.\n\n\n\nInside, visitors will find showcases displaying hi<\/p>            <\/div>\n<\/a><a href=\"https:\/\/www.umpalai.it\/en\/museums\/s-pergmandlhaus-museum\/\" class=\"articolo\">\n    <figure><img decoding=\"async\" width=\"2560\" height=\"1920\" src=\"https:\/\/www.umpalai.it\/wp-content\/uploads\/2024\/04\/Museo-Muse-Sperg-Manal-Haus-\u00a9-foto-Daniele-Mosna-9576.webp\" class=\"attachment-post-thumbnail size-post-thumbnail wp-post-image\" alt=\"\" srcset=\"https:\/\/www.umpalai.it\/wp-content\/uploads\/2024\/04\/Museo-Muse-Sperg-Manal-Haus-\u00a9-foto-Daniele-Mosna-9576.webp 2560w, https:\/\/www.umpalai.it\/wp-content\/uploads\/2024\/04\/Museo-Muse-Sperg-Manal-Haus-\u00a9-foto-Daniele-Mosna-9576-300x225.webp 300w, https:\/\/www.umpalai.it\/wp-content\/uploads\/2024\/04\/Museo-Muse-Sperg-Manal-Haus-\u00a9-foto-Daniele-Mosna-9576-1024x768.webp 1024w, https:\/\/www.umpalai.it\/wp-content\/uploads\/2024\/04\/Museo-Muse-Sperg-Manal-Haus-\u00a9-foto-Daniele-Mosna-9576-768x576.webp 768w, https:\/\/www.umpalai.it\/wp-content\/uploads\/2024\/04\/Museo-Muse-Sperg-Manal-Haus-\u00a9-foto-Daniele-Mosna-9576-1536x1152.webp 1536w, https:\/\/www.umpalai.it\/wp-content\/uploads\/2024\/04\/Museo-Muse-Sperg-Manal-Haus-\u00a9-foto-Daniele-Mosna-9576-2048x1536.webp 2048w\" sizes=\"(max-width: 2560px) 100vw, 2560px\" \/><\/figure>    <div class=\"articolo-text\">\n        <h2><strong>S P\u00e8rgmandlhaus<\/strong>Museum<\/h2>\n        <p>\n\n\nAt the S P\u00e8rgmandlhaus Museum, two floors symbolically showcase a crucial activity for the Valle del Fersina, influencing it economically, anthropologically, and environmentally.\n\n\n\n\n\n\n\nExplore the S P\u00e8rgmandlhaus Museum in Pal\u00f9 del Fersina and immerse yourself in the mining history of the Fersina Valley. Through a gallery adorned with the veins of copper, you will be taken on an innovative journey that celebrates the world of mines and the lives of miners.\n\n\n\nThe first floor of the museum<\/p>            <\/div>\n<\/a><\/div>\n<\/div>\n<\/div>\n\n\n\n<div class=\"wp-block-columns full-width blocco-esperienze is-layout-flex wp-container-core-columns-is-layout-9d6595d7 wp-block-columns-is-layout-flex\">\n<div class=\"wp-block-column is-layout-flow wp-block-column-is-layout-flow\">\n<div class=\"wp-block-cover has-parallax\"><span aria-hidden=\"true\" class=\"wp-block-cover__background has-background-dim\" style=\"background-color:#626453\"><\/span><div class=\"wp-block-cover__image-background wp-image-491 has-parallax\" style=\"background-position:50% 50%;background-image:url(http:\/\/umpalai.it\/wp-content\/uploads\/2024\/04\/Miniera-a-Palu-del-Fersina-\u00a9-foto-Daniele-Mosna-9244.webp)\"><\/div><div class=\"wp-block-cover__inner-container is-layout-constrained wp-block-cover-is-layout-constrained\">\n<p class=\"has-text-align-center has-large-font-size\"><\/p>\n<\/div><\/div>\n\n\n\n<div class=\"container-esperienze\">\n                    <div class=\"esperienza\">\n                    <a href=\"https:\/\/www.umpalai.it\/en\/itineraries\/\">\n                        <h2><strong>Itineraries<\/strong><\/h2>\n                        <p>Explore the various itineraries that allow you to fully discover this paradise among the mountains. The M\u00f2cheni Valley, with its Fersina stream and the majestic peaks of the Lagorai, represents a perfect combination of unspoiled nature and welcoming facilities, offering an ideal balance for those who want to immerse themselves in a breathtaking natural spectacle.<\/p>                    <\/a>\n                <\/div>\n                    <div class=\"esperienza\">\n                    <a href=\"https:\/\/www.umpalai.it\/en\/where-to-eat\/\">\n                        <h2><strong>Where to Eat<\/strong><\/h2>\n                        <p>Choose the best places to eat authentic local delicacies and let yourself be transported on a journey through the unique flavors of the region. Discover the secrets of typical dishes, expertly prepared by passionate restaurateurs, and immerse yourself in a journey through the authentic flavors of our land.\n<\/p>                    <\/a>\n                <\/div>\n                    <div class=\"esperienza\">\n                    <a href=\"https:\/\/www.umpalai.it\/en\/where-to-sleep\/\">\n                        <h2><strong>Where to sleep<\/strong><\/h2>\n                        <p>Relax in the best places to stay in Pal\u00f9 del Fersina. An extensive selection of cozy hotels, chalets, and mountain refuges offering comfort and relaxation after a day spent outdoors awaits you.\n<\/p>                    <\/a>\n                <\/div>\n                    <div class=\"esperienza\">\n                    <a href=\"https:\/\/www.umpalai.it\/en\/for-children\/\">\n                        <h2><strong>For Children<\/strong><\/h2>\n                        <p>Enjoy a wide range of activities in the pristine nature that will make your visit to Pal\u00f9 del Fersina an unforgettable experience for the whole family, especially for the children.\n<\/p>                    <\/a>\n                <\/div>\n    <\/div>\n<\/div>\n<\/div>\n\n\n\n<div class=\"wp-block-columns blocco-news-carosello is-layout-flex wp-container-core-columns-is-layout-9d6595d7 wp-block-columns-is-layout-flex\">\n<div class=\"wp-block-column is-layout-flow wp-block-column-is-layout-flow\">\n<div class=\"swiper\">\n    <div class=\"swiper-wrapper\">\n                        <div class=\"swiper-slide\">\n                    \n<article class=\"new\">\n    <h4><strong>ESSN. Cibo, identit\u00e0 e territorio<\/strong><\/h4>\n    <figure><img decoding=\"async\" width=\"1290\" height=\"1895\" src=\"https:\/\/www.umpalai.it\/wp-content\/uploads\/2026\/04\/IMG_6183.webp\" class=\"attachment-post-thumbnail size-post-thumbnail wp-post-image\" alt=\"ESSN. Cibo, identit\u00e0 e territorio\" srcset=\"https:\/\/www.umpalai.it\/wp-content\/uploads\/2026\/04\/IMG_6183.webp 1290w, https:\/\/www.umpalai.it\/wp-content\/uploads\/2026\/04\/IMG_6183-204x300.webp 204w, https:\/\/www.umpalai.it\/wp-content\/uploads\/2026\/04\/IMG_6183-697x1024.webp 697w, https:\/\/www.umpalai.it\/wp-content\/uploads\/2026\/04\/IMG_6183-768x1128.webp 768w, https:\/\/www.umpalai.it\/wp-content\/uploads\/2026\/04\/IMG_6183-1046x1536.webp 1046w\" sizes=\"(max-width: 1290px) 100vw, 1290px\" \/><\/figure>    <p>\n\n\nPiano Nazionale Borghi\n\n\n\nIl Piano Nazionale Borghi del PNRR promuove la rigenerazione e la valorizzazione del patrimonio storico, culturale e identitario delle aree interne. In questo contesto nasce il progetto \"La forza della minoranza: rinascita di un borgo di matrice germanica a sud delle Alpi\", che mira a definire nuove prospettive di sviluppo e vivibilit\u00e0 per la Valle dei M\u00f6cheni, a partire anche dalla valorizzazione delle filiere produttive e della cultura gastronomica locale.\n\n\n\nL'E<\/p>    <a href=\"https:\/\/www.umpalai.it\/en\/events\/essn-cibo-identita-e-territorio\/\">Discover<\/a>\n<\/article>                <\/div>\n                        <div class=\"swiper-slide\">\n                    \n<article class=\"new\">\n    <h4><strong>Nella Valle del Fersina<\/strong><\/h4>\n    <figure><img decoding=\"async\" width=\"1290\" height=\"1599\" src=\"https:\/\/www.umpalai.it\/wp-content\/uploads\/2026\/04\/IMG_6201.webp\" class=\"attachment-post-thumbnail size-post-thumbnail wp-post-image\" alt=\"Nella Valle del Fersina\" srcset=\"https:\/\/www.umpalai.it\/wp-content\/uploads\/2026\/04\/IMG_6201.webp 1290w, https:\/\/www.umpalai.it\/wp-content\/uploads\/2026\/04\/IMG_6201-242x300.webp 242w, https:\/\/www.umpalai.it\/wp-content\/uploads\/2026\/04\/IMG_6201-826x1024.webp 826w, https:\/\/www.umpalai.it\/wp-content\/uploads\/2026\/04\/IMG_6201-768x952.webp 768w, https:\/\/www.umpalai.it\/wp-content\/uploads\/2026\/04\/IMG_6201-1239x1536.webp 1239w\" sizes=\"(max-width: 1290px) 100vw, 1290px\" \/><\/figure>    <p>\n\n\nUn Viaggio nella Comunit\u00e0 Mochena\n\n\n\nL'evento \"Nella Valle del Fersina\" invita il pubblico a scoprire le peculiarit\u00e0 e le storie della comunit\u00e0 di minoranza mochena, un patrimonio culturale unico nel cuore della valle. Attraverso narrazioni, testimonianze e approfondimenti, si desidera valorizzare le tradizioni, la lingua e le pratiche che rendono questa comunit\u00e0 cos\u00ec speciale e radicata nel territorio. Un'occasione per conoscere un volto diverso della cultura locale e riscoprire le radi<\/p>    <a href=\"https:\/\/www.umpalai.it\/en\/events\/nella-valle-del-fersina\/\">Discover<\/a>\n<\/article>                <\/div>\n                        <div class=\"swiper-slide\">\n                    \n<article class=\"new\">\n    <h4><strong>Bersntoler Zaitung 2025<\/strong><\/h4>\n    <figure><img decoding=\"async\" width=\"2560\" height=\"1920\" src=\"https:\/\/www.umpalai.it\/wp-content\/uploads\/2024\/04\/Screenshot-2024-04-30-alle-01.33.19-1.webp\" class=\"attachment-post-thumbnail size-post-thumbnail wp-post-image\" alt=\"\" srcset=\"https:\/\/www.umpalai.it\/wp-content\/uploads\/2024\/04\/Screenshot-2024-04-30-alle-01.33.19-1.webp 2560w, https:\/\/www.umpalai.it\/wp-content\/uploads\/2024\/04\/Screenshot-2024-04-30-alle-01.33.19-1-300x225.webp 300w, https:\/\/www.umpalai.it\/wp-content\/uploads\/2024\/04\/Screenshot-2024-04-30-alle-01.33.19-1-1024x768.webp 1024w, https:\/\/www.umpalai.it\/wp-content\/uploads\/2024\/04\/Screenshot-2024-04-30-alle-01.33.19-1-768x576.webp 768w, https:\/\/www.umpalai.it\/wp-content\/uploads\/2024\/04\/Screenshot-2024-04-30-alle-01.33.19-1-1536x1152.webp 1536w, https:\/\/www.umpalai.it\/wp-content\/uploads\/2024\/04\/Screenshot-2024-04-30-alle-01.33.19-1-2048x1536.webp 2048w\" sizes=\"(max-width: 2560px) 100vw, 2560px\" \/><\/figure>    <p>\n\n\nScarica e consulta il Bersntoler Zaitung anno 2025.\n\n\n<\/p>    <a href=\"https:\/\/www.umpalai.it\/en\/magazine\/bersntoler-zaitung-2025\/\">Discover<\/a>\n<\/article>                <\/div>\n                        <div class=\"swiper-slide\">\n                    \n<article class=\"new\">\n    <h4><strong>Il carnevale M\u00f2cheno<\/strong><\/h4>\n    <figure><img decoding=\"async\" width=\"1810\" height=\"2560\" src=\"https:\/\/www.umpalai.it\/wp-content\/uploads\/2026\/02\/locandina.webp\" class=\"attachment-post-thumbnail size-post-thumbnail wp-post-image\" alt=\"Carnevale manifesto\" srcset=\"https:\/\/www.umpalai.it\/wp-content\/uploads\/2026\/02\/locandina.webp 1810w, https:\/\/www.umpalai.it\/wp-content\/uploads\/2026\/02\/locandina-212x300.webp 212w, https:\/\/www.umpalai.it\/wp-content\/uploads\/2026\/02\/locandina-724x1024.webp 724w, https:\/\/www.umpalai.it\/wp-content\/uploads\/2026\/02\/locandina-768x1086.webp 768w, https:\/\/www.umpalai.it\/wp-content\/uploads\/2026\/02\/locandina-1086x1536.webp 1086w, https:\/\/www.umpalai.it\/wp-content\/uploads\/2026\/02\/locandina-1448x2048.webp 1448w\" sizes=\"(max-width: 1810px) 100vw, 1810px\" \/><\/figure>    <p>\n\n\nDer B\u00e8tschato - Il Carnevale Tradizionale\n\n\n\nIl Der B\u00e8tschato \u00e8 il tradizionale carnevale di Pal\u00f9 del Fersina, una festa che unisce storia, tradizione e partecipazione popolare. Ogni anno il paese si anima grazie a questa ricorrenza molto sentita, capace di coinvolgere residenti e visitatori in un\u2019atmosfera autentica e festosa.\n\n\n\nL\u2019appuntamento \u00e8 per marted\u00ec 17 febbraio, con inizio alle ore 14:00, presso Piazza Lenzi, punto centrale della manifestazione e luogo di ritrovo per tutta<\/p>    <a href=\"https:\/\/www.umpalai.it\/en\/events\/il-carnevale-mocheno\/\">Discover<\/a>\n<\/article>                <\/div>\n                        <div class=\"swiper-slide\">\n                    \n<article class=\"new\">\n    <h4><strong>Pal\u00f9 del Fersina<\/strong><\/h4>\n    <figure><img decoding=\"async\" width=\"933\" height=\"1280\" src=\"https:\/\/www.umpalai.it\/wp-content\/uploads\/2025\/11\/IMG_3139.jpg\" class=\"attachment-post-thumbnail size-post-thumbnail wp-post-image\" alt=\"Pal\u00f9 del Fersina\" srcset=\"https:\/\/www.umpalai.it\/wp-content\/uploads\/2025\/11\/IMG_3139.jpg 933w, https:\/\/www.umpalai.it\/wp-content\/uploads\/2025\/11\/IMG_3139-219x300.jpg 219w, https:\/\/www.umpalai.it\/wp-content\/uploads\/2025\/11\/IMG_3139-746x1024.jpg 746w, https:\/\/www.umpalai.it\/wp-content\/uploads\/2025\/11\/IMG_3139-768x1054.jpg 768w\" sizes=\"(max-width: 933px) 100vw, 933px\" \/><\/figure>    <p>\n\n\nUn incontro per la comunit\u00e0\n\n\n\nL\u2019evento dedicato a Pal\u00f9 del Fersina rappresenta un momento importante per conoscere il progetto di rinascita del borgo germanico a sud delle Alpi. \u00c8 un\u2019occasione aperta a tutta la cittadinanza, pensata per condividere visioni e prospettive sul futuro del territorio.\n\n\n\nPresentazione del Piano di Comunicazione\n\n\n\nDurante l\u2019incontro verr\u00e0 illustrato il Piano di Comunicazione del Progetto PNRR Borghi, promosso dalla Provincia autonoma di Trento e da Tren<\/p>    <a href=\"https:\/\/www.umpalai.it\/en\/events\/palu-del-fersina\/\">Discover<\/a>\n<\/article>                <\/div>\n                        <div class=\"swiper-slide\">\n                    \n<article class=\"new\">\n    <h4><strong>Seasonal Closure<\/strong><\/h4>\n        <p>\nPlease be informed that our museums will be closed until June.\n\n\n\nPlease note that visits for groups and school groups can still be booked in advance.\n\n\n\nFor information, please contact the number 346 3627221 or by email at museospergmandlpalai@gmail.com\n<\/p>    <a href=\"https:\/\/www.umpalai.it\/en\/notices\/saisonale-schliesung\/\">Discover<\/a>\n<\/article>                <\/div>\n                        <div class=\"swiper-slide\">\n                    \n<article class=\"new\">\n    <h4><strong>Uomini e roccia<\/strong><\/h4>\n    <figure><img decoding=\"async\" width=\"2362\" height=\"1584\" src=\"https:\/\/www.umpalai.it\/wp-content\/uploads\/2025\/11\/IMG_2671.jpg\" class=\"attachment-post-thumbnail size-post-thumbnail wp-post-image\" alt=\"\" srcset=\"https:\/\/www.umpalai.it\/wp-content\/uploads\/2025\/11\/IMG_2671.jpg 2362w, https:\/\/www.umpalai.it\/wp-content\/uploads\/2025\/11\/IMG_2671-300x201.jpg 300w, https:\/\/www.umpalai.it\/wp-content\/uploads\/2025\/11\/IMG_2671-1024x687.jpg 1024w, https:\/\/www.umpalai.it\/wp-content\/uploads\/2025\/11\/IMG_2671-768x515.jpg 768w, https:\/\/www.umpalai.it\/wp-content\/uploads\/2025\/11\/IMG_2671-1536x1030.jpg 1536w, https:\/\/www.umpalai.it\/wp-content\/uploads\/2025\/11\/IMG_2671-2048x1373.jpg 2048w\" sizes=\"(max-width: 2362px) 100vw, 2362px\" \/><\/figure>    <p>\n\n\nStoria delle Attivit\u00e0 Estrattive\n\n\n\nNumerose e importanti attestazioni risalgono a circa 3.500 anni fa, indicando l\u2019antica presenza di attivit\u00e0 estrattive nella Valle del Fersina. Dopo la colonizzazione medievale e la nascita della comunit\u00e0 m\u00f2chena, le testimonianze di miniere si moltiplicano, raggiungendo il massimo splendore tra il 1400 e il 1500. Queste attivit\u00e0, sebbene intermittenti, si sono protratte nel tempo, contribuendo a delineare un quadro evolutivo delle pratiche minerarie<\/p>    <a href=\"https:\/\/www.umpalai.it\/en\/events\/uomini-e-roccia\/\">Discover<\/a>\n<\/article>                <\/div>\n                        <div class=\"swiper-slide\">\n                    \n<article class=\"new\">\n    <h4><strong>In volo<\/strong><\/h4>\n    <figure><img decoding=\"async\" width=\"902\" height=\"1280\" src=\"https:\/\/www.umpalai.it\/wp-content\/uploads\/2025\/10\/photo_6032950182430837822_y.jpg\" class=\"attachment-post-thumbnail size-post-thumbnail wp-post-image\" alt=\"In volo\" srcset=\"https:\/\/www.umpalai.it\/wp-content\/uploads\/2025\/10\/photo_6032950182430837822_y.jpg 902w, https:\/\/www.umpalai.it\/wp-content\/uploads\/2025\/10\/photo_6032950182430837822_y-211x300.jpg 211w, https:\/\/www.umpalai.it\/wp-content\/uploads\/2025\/10\/photo_6032950182430837822_y-722x1024.jpg 722w, https:\/\/www.umpalai.it\/wp-content\/uploads\/2025\/10\/photo_6032950182430837822_y-768x1090.jpg 768w\" sizes=\"(max-width: 902px) 100vw, 902px\" \/><\/figure>    <p>\n\n\nUn Evento per Tutta la Famiglia\n\n\n\nVieni a vivere un\u2019esperienza unica con il nostro spettacolo di teatro danza pensato per le famiglie. Un'occasione speciale per divertirsi, emozionarsi e condividere un momento di arte insieme ai tuoi cari.\n\n\n\nQuando e Dove\n\n\n\nL\u2019evento si terr\u00e0 il 25 ottobre 2025 alle ore 16:30 presso la Sala Comunale di Pal\u00f9 del Fersina. Un luogo accogliente perfetto per un pomeriggio di cultura e magia.\n\n\n\nPer Tutti i Piccoli Artisti\n\n\n\nPensato per bambini dai 3 anni <\/p>    <a href=\"https:\/\/www.umpalai.it\/en\/events\/in-volo\/\">Discover<\/a>\n<\/article>                <\/div>\n                        <div class=\"swiper-slide\">\n                    \n<article class=\"new\">\n    <h4><strong>La novella \u201cGrigia\u201d<\/strong><\/h4>\n    <figure><img decoding=\"async\" width=\"1280\" height=\"1257\" src=\"https:\/\/www.umpalai.it\/wp-content\/uploads\/2025\/10\/photo_6032950182430837823_y.jpg\" class=\"attachment-post-thumbnail size-post-thumbnail wp-post-image\" alt=\"La novella \u201cGrigia\u201d\" srcset=\"https:\/\/www.umpalai.it\/wp-content\/uploads\/2025\/10\/photo_6032950182430837823_y.jpg 1280w, https:\/\/www.umpalai.it\/wp-content\/uploads\/2025\/10\/photo_6032950182430837823_y-300x295.jpg 300w, https:\/\/www.umpalai.it\/wp-content\/uploads\/2025\/10\/photo_6032950182430837823_y-1024x1006.jpg 1024w, https:\/\/www.umpalai.it\/wp-content\/uploads\/2025\/10\/photo_6032950182430837823_y-768x754.jpg 768w\" sizes=\"(max-width: 1280px) 100vw, 1280px\" \/><\/figure>    <p>\n\n\nUn Evento da Non Perdere\n\n\n\nDal 17 al 19 ottobre 2025, la Sala Comunale \/ Gamoa'sol a Palai en Bersntol si trasforma nel palcoscenico di un convegno imperdibile! Immergiti in un viaggio tra letteratura, storia e tradizioni con l\u2019evento dedicato a \"La valle raccontata. La novella Grigia di Robert Musil\". Un\u2019occasione unica di vivere un\u2019esperienza culturale coinvolgente, promossa dal Bersntoler Kulturinstitut e sostenuta dall\u2019Unione Europea.\n\n\n\nUn Racconto che Trasporta nel Tempo e nell<\/p>    <a href=\"https:\/\/www.umpalai.it\/en\/events\/la-novella-grigia\/\">Discover<\/a>\n<\/article>                <\/div>\n            <\/div>\n    <div class=\"swiper-button-next\"><\/div>\n    <div class=\"swiper-button-prev hidden\"><\/div>\n<\/div>\n<\/div>\n<\/div>\n\n\n\n<div class=\"wp-block-columns full-width no-padding blocco-immagine-titolo-testo is-layout-flex wp-container-core-columns-is-layout-9d6595d7 wp-block-columns-is-layout-flex\">\n<div class=\"wp-block-column is-layout-flow wp-block-column-is-layout-flow\">\n<figure class=\"wp-block-image size-full\"><img decoding=\"async\" width=\"2560\" height=\"1707\" src=\"https:\/\/www.umpalai.it\/wp-content\/uploads\/2024\/04\/DSC4215.webp\" alt=\"\" class=\"wp-image-493\" style=\"aspect-ratio:16\/9;object-fit:cover\" srcset=\"https:\/\/www.umpalai.it\/wp-content\/uploads\/2024\/04\/DSC4215.webp 2560w, https:\/\/www.umpalai.it\/wp-content\/uploads\/2024\/04\/DSC4215-300x200.webp 300w, https:\/\/www.umpalai.it\/wp-content\/uploads\/2024\/04\/DSC4215-1024x683.webp 1024w, https:\/\/www.umpalai.it\/wp-content\/uploads\/2024\/04\/DSC4215-768x512.webp 768w, https:\/\/www.umpalai.it\/wp-content\/uploads\/2024\/04\/DSC4215-1536x1024.webp 1536w, https:\/\/www.umpalai.it\/wp-content\/uploads\/2024\/04\/DSC4215-2048x1366.webp 2048w\" sizes=\"(max-width: 2560px) 100vw, 2560px\" \/><\/figure>\n\n\n\n<div class=\"wp-block-columns is-layout-flex wp-container-core-columns-is-layout-9d6595d7 wp-block-columns-is-layout-flex\">\n<div class=\"wp-block-column is-layout-flow wp-block-column-is-layout-flow\">\n<h2 class=\"wp-block-heading\"><strong>History, culture, traditions<\/strong><br>An orally transmitted language<\/h2>\n<\/div>\n\n\n\n<div class=\"wp-block-column is-layout-flow wp-block-column-is-layout-flow\">\n<p>The M\u00f2cheni Valley represents a linguistic and cultural oasis, where the <strong>M\u00f2cheno dialect<\/strong>, a precious branch of the Bavarian language family, is passed down through generations, carrying centuries of <strong>traditions<\/strong>. Every day is a celebration, with folkloric dances and typical music, taking everyone on an enchanted journey into the heart of this unique community.<\/p>\n<\/div>\n<\/div>\n<\/div>\n<\/div>\n","protected":false},"excerpt":{"rendered":"<p>Pal\u00f9 del FersinaA refuge of peace and tranquility nestled in nature. Discover Pal\u00f9 del Fersina, a place of rare beauty enveloped by breathtaking landscapes and enriched with a millennia-old history. Let yourself be transported by the magic of this territory, where wild nature harmoniously blends with the rich local cultural heritage. An authentic and unforgettable [&hellip;]<\/p>\n","protected":false},"author":1,"featured_media":1336,"parent":0,"menu_order":9,"comment_status":"closed","ping_status":"closed","template":"","meta":{"_acf_changed":false,"footnotes":""},"class_list":["post-1330","page","type-page","status-publish","has-post-thumbnail","hentry"],"acf":[],"yoast_head":"<!-- This site is optimized with the Yoast SEO plugin v27.5 - https:\/\/yoast.com\/product\/yoast-seo-wordpress\/ -->\n<title>Um Palai - Um Palai<\/title>\n<meta name=\"description\" content=\"Discover Pal\u00f9 del Fersina, a place of rare beauty enveloped by breathtaking landscapes and enriched with a millennia-old history. Let yourself be transported by the magic of this territory, where wild nature harmoniously blends with the rich local cultural heritage. An authentic and unforgettable experience awaits you in this wonderful region of the Dolomites.\" \/>\n<meta name=\"robots\" content=\"index, follow, max-snippet:-1, max-image-preview:large, max-video-preview:-1\" \/>\n<link rel=\"canonical\" href=\"https:\/\/www.umpalai.it\/en\/\" \/>\n<meta property=\"og:locale\" content=\"en_US\" \/>\n<meta property=\"og:type\" content=\"article\" \/>\n<meta property=\"og:title\" content=\"Um Palai - Um Palai\" \/>\n<meta property=\"og:description\" content=\"Discover Pal\u00f9 del Fersina, a place of rare beauty enveloped by breathtaking landscapes and enriched with a millennia-old history. Let yourself be transported by the magic of this territory, where wild nature harmoniously blends with the rich local cultural heritage. An authentic and unforgettable experience awaits you in this wonderful region of the Dolomites.\" \/>\n<meta property=\"og:url\" content=\"https:\/\/www.umpalai.it\/en\/\" \/>\n<meta property=\"og:site_name\" content=\"Um Palai\" \/>\n<meta property=\"article:publisher\" content=\"https:\/\/www.facebook.com\/PaludelFersina\/\" \/>\n<meta property=\"article:modified_time\" content=\"2024-06-04T20:35:19+00:00\" \/>\n<meta property=\"og:image\" content=\"https:\/\/www.umpalai.it\/wp-content\/uploads\/2024\/04\/montagne-full.webp\" \/>\n\t<meta property=\"og:image:width\" content=\"2560\" \/>\n\t<meta property=\"og:image:height\" content=\"2560\" \/>\n\t<meta property=\"og:image:type\" content=\"image\/webp\" \/>\n<meta name=\"twitter:card\" content=\"summary_large_image\" \/>\n<meta name=\"twitter:label1\" content=\"Est. reading time\" \/>\n\t<meta name=\"twitter:data1\" content=\"2 minutes\" \/>\n<script type=\"application\/ld+json\" class=\"yoast-schema-graph\">{\"@context\":\"https:\\\/\\\/schema.org\",\"@graph\":[{\"@type\":\"WebPage\",\"@id\":\"https:\\\/\\\/www.umpalai.it\\\/en\\\/\",\"url\":\"https:\\\/\\\/www.umpalai.it\\\/en\\\/\",\"name\":\"Um Palai - Um Palai\",\"isPartOf\":{\"@id\":\"https:\\\/\\\/www.umpalai.it\\\/en\\\/#website\"},\"primaryImageOfPage\":{\"@id\":\"https:\\\/\\\/www.umpalai.it\\\/en\\\/#primaryimage\"},\"image\":{\"@id\":\"https:\\\/\\\/www.umpalai.it\\\/en\\\/#primaryimage\"},\"thumbnailUrl\":\"https:\\\/\\\/www.umpalai.it\\\/wp-content\\\/uploads\\\/2024\\\/04\\\/montagne-full.webp\",\"datePublished\":\"2024-03-06T22:43:56+00:00\",\"dateModified\":\"2024-06-04T20:35:19+00:00\",\"description\":\"Discover Pal\u00f9 del Fersina, a place of rare beauty enveloped by breathtaking landscapes and enriched with a millennia-old history. Let yourself be transported by the magic of this territory, where wild nature harmoniously blends with the rich local cultural heritage. An authentic and unforgettable experience awaits you in this wonderful region of the Dolomites.\",\"breadcrumb\":{\"@id\":\"https:\\\/\\\/www.umpalai.it\\\/en\\\/#breadcrumb\"},\"inLanguage\":\"en-US\",\"potentialAction\":[{\"@type\":\"ReadAction\",\"target\":[\"https:\\\/\\\/www.umpalai.it\\\/en\\\/\"]}]},{\"@type\":\"ImageObject\",\"inLanguage\":\"en-US\",\"@id\":\"https:\\\/\\\/www.umpalai.it\\\/en\\\/#primaryimage\",\"url\":\"https:\\\/\\\/www.umpalai.it\\\/wp-content\\\/uploads\\\/2024\\\/04\\\/montagne-full.webp\",\"contentUrl\":\"https:\\\/\\\/www.umpalai.it\\\/wp-content\\\/uploads\\\/2024\\\/04\\\/montagne-full.webp\",\"width\":2560,\"height\":2560,\"caption\":\"Lago di Edremolo\"},{\"@type\":\"BreadcrumbList\",\"@id\":\"https:\\\/\\\/www.umpalai.it\\\/en\\\/#breadcrumb\",\"itemListElement\":[{\"@type\":\"ListItem\",\"position\":1,\"name\":\"Home\",\"item\":\"https:\\\/\\\/www.umpalai.it\\\/en\\\/um-palai\\\/\"},{\"@type\":\"ListItem\",\"position\":2,\"name\":\"Um Palai\"}]},{\"@type\":\"WebSite\",\"@id\":\"https:\\\/\\\/www.umpalai.it\\\/en\\\/#website\",\"url\":\"https:\\\/\\\/www.umpalai.it\\\/en\\\/\",\"name\":\"Pal\u00f9 del Fersina\",\"description\":\"In the heart of the Fersina Valley\",\"potentialAction\":[{\"@type\":\"SearchAction\",\"target\":{\"@type\":\"EntryPoint\",\"urlTemplate\":\"https:\\\/\\\/www.umpalai.it\\\/en\\\/?s={search_term_string}\"},\"query-input\":{\"@type\":\"PropertyValueSpecification\",\"valueRequired\":true,\"valueName\":\"search_term_string\"}}],\"inLanguage\":\"en-US\"}]}<\/script>\n<!-- \/ Yoast SEO plugin. -->","yoast_head_json":{"title":"Um Palai - Um Palai","description":"Discover Pal\u00f9 del Fersina, a place of rare beauty enveloped by breathtaking landscapes and enriched with a millennia-old history. Let yourself be transported by the magic of this territory, where wild nature harmoniously blends with the rich local cultural heritage. An authentic and unforgettable experience awaits you in this wonderful region of the Dolomites.","robots":{"index":"index","follow":"follow","max-snippet":"max-snippet:-1","max-image-preview":"max-image-preview:large","max-video-preview":"max-video-preview:-1"},"canonical":"https:\/\/www.umpalai.it\/en\/","og_locale":"en_US","og_type":"article","og_title":"Um Palai - Um Palai","og_description":"Discover Pal\u00f9 del Fersina, a place of rare beauty enveloped by breathtaking landscapes and enriched with a millennia-old history. Let yourself be transported by the magic of this territory, where wild nature harmoniously blends with the rich local cultural heritage. An authentic and unforgettable experience awaits you in this wonderful region of the Dolomites.","og_url":"https:\/\/www.umpalai.it\/en\/","og_site_name":"Um Palai","article_publisher":"https:\/\/www.facebook.com\/PaludelFersina\/","article_modified_time":"2024-06-04T20:35:19+00:00","og_image":[{"width":2560,"height":2560,"url":"https:\/\/www.umpalai.it\/wp-content\/uploads\/2024\/04\/montagne-full.webp","type":"image\/webp"}],"twitter_card":"summary_large_image","twitter_misc":{"Est. reading time":"2 minutes"},"schema":{"@context":"https:\/\/schema.org","@graph":[{"@type":"WebPage","@id":"https:\/\/www.umpalai.it\/en\/","url":"https:\/\/www.umpalai.it\/en\/","name":"Um Palai - Um Palai","isPartOf":{"@id":"https:\/\/www.umpalai.it\/en\/#website"},"primaryImageOfPage":{"@id":"https:\/\/www.umpalai.it\/en\/#primaryimage"},"image":{"@id":"https:\/\/www.umpalai.it\/en\/#primaryimage"},"thumbnailUrl":"https:\/\/www.umpalai.it\/wp-content\/uploads\/2024\/04\/montagne-full.webp","datePublished":"2024-03-06T22:43:56+00:00","dateModified":"2024-06-04T20:35:19+00:00","description":"Discover Pal\u00f9 del Fersina, a place of rare beauty enveloped by breathtaking landscapes and enriched with a millennia-old history. Let yourself be transported by the magic of this territory, where wild nature harmoniously blends with the rich local cultural heritage. An authentic and unforgettable experience awaits you in this wonderful region of the Dolomites.","breadcrumb":{"@id":"https:\/\/www.umpalai.it\/en\/#breadcrumb"},"inLanguage":"en-US","potentialAction":[{"@type":"ReadAction","target":["https:\/\/www.umpalai.it\/en\/"]}]},{"@type":"ImageObject","inLanguage":"en-US","@id":"https:\/\/www.umpalai.it\/en\/#primaryimage","url":"https:\/\/www.umpalai.it\/wp-content\/uploads\/2024\/04\/montagne-full.webp","contentUrl":"https:\/\/www.umpalai.it\/wp-content\/uploads\/2024\/04\/montagne-full.webp","width":2560,"height":2560,"caption":"Lago di Edremolo"},{"@type":"BreadcrumbList","@id":"https:\/\/www.umpalai.it\/en\/#breadcrumb","itemListElement":[{"@type":"ListItem","position":1,"name":"Home","item":"https:\/\/www.umpalai.it\/en\/um-palai\/"},{"@type":"ListItem","position":2,"name":"Um Palai"}]},{"@type":"WebSite","@id":"https:\/\/www.umpalai.it\/en\/#website","url":"https:\/\/www.umpalai.it\/en\/","name":"Pal\u00f9 del Fersina","description":"In the heart of the Fersina Valley","potentialAction":[{"@type":"SearchAction","target":{"@type":"EntryPoint","urlTemplate":"https:\/\/www.umpalai.it\/en\/?s={search_term_string}"},"query-input":{"@type":"PropertyValueSpecification","valueRequired":true,"valueName":"search_term_string"}}],"inLanguage":"en-US"}]}},"_links":{"self":[{"href":"https:\/\/www.umpalai.it\/en\/wp-json\/wp\/v2\/pages\/1330","targetHints":{"allow":["GET"]}}],"collection":[{"href":"https:\/\/www.umpalai.it\/en\/wp-json\/wp\/v2\/pages"}],"about":[{"href":"https:\/\/www.umpalai.it\/en\/wp-json\/wp\/v2\/types\/page"}],"author":[{"embeddable":true,"href":"https:\/\/www.umpalai.it\/en\/wp-json\/wp\/v2\/users\/1"}],"replies":[{"embeddable":true,"href":"https:\/\/www.umpalai.it\/en\/wp-json\/wp\/v2\/comments?post=1330"}],"version-history":[{"count":2,"href":"https:\/\/www.umpalai.it\/en\/wp-json\/wp\/v2\/pages\/1330\/revisions"}],"predecessor-version":[{"id":1444,"href":"https:\/\/www.umpalai.it\/en\/wp-json\/wp\/v2\/pages\/1330\/revisions\/1444"}],"wp:featuredmedia":[{"embeddable":true,"href":"https:\/\/www.umpalai.it\/en\/wp-json\/wp\/v2\/media\/1336"}],"wp:attachment":[{"href":"https:\/\/www.umpalai.it\/en\/wp-json\/wp\/v2\/media?parent=1330"}],"curies":[{"name":"wp","href":"https:\/\/api.w.org\/{rel}","templated":true}]}}